{"id":2128,"date":"2023-02-02T16:27:29","date_gmt":"2023-02-02T16:27:29","guid":{"rendered":"https:\/\/mihajlaw.com\/?page_id=2128"},"modified":"2023-02-23T11:36:12","modified_gmt":"2023-02-23T11:36:12","slug":"vladimir-mihaj","status":"publish","type":"page","link":"https:\/\/mihajlaw.com\/it\/vladimir-mihaj\/","title":{"rendered":"VLADIMIR MIHAJ"},"content":{"rendered":"<h1>VLADIMIR MIHAJ<\/h1>\n<div>\n<p>AVVOCATO E FONDATORE DELLO STUDIO <i>MIHAJ LAW. <\/i><\/p>\n<\/div>\n<p><img decoding=\"async\" src=\"\/wp-content\/uploads\/2023\/01\/DSC_4083_1-R-KADAR-FIN-e1673924397306.jpeg\" alt=\"\"><\/p>\n<p>\n    <a href=\"tel:+ 381 11 26 36 059\">+ 381 11 26 36 059<\/a>\n<\/p>\n<p>\n    <a href=\"mailto:vladimir.mihaj@mihajlaw.com\">vladimir.mihaj@mihajlaw.com<\/a>\n<\/p>\n<div>\n<p>Dopo la laurea presso la Facolt\u00e0 di Giurisprudenza dell'Universit\u00e0 di Belgrado, Vladimir ha proseguito la sua formazione presso la Facolt\u00e0 di Scienze Politiche dell'Universit\u00e0 di Macerata in Italia, studiando \"Rapporti con i Paesi dell'Est\".\n\nPresso la Facolt\u00e0 di Giurisprudenza di Belgrado, ha completato gli studi specialistici con il tema \"Gestione aziendale\".\u2028\u2028Ha iniziato a maturare esperienza nella professione forense lavorando come praticante avvocato presso lo studio della madre, l'avv. la sede di Milano dello Studio legale Sutti.<\/p>\n<p>Presso la Facolt\u00e0 di Giurisprudenza di Belgrado, ha completato gli studi specialistici con il tema \"Gestione aziendale\".<\/p>\n<p>Ha iniziato a maturare esperienza nella professione forense lavorando come praticante avvocato presso lo studio della madre, l'avv. la sede di Milano dello Studio legale Sutti. <i>Cromwell Srl <\/i>, a potom i mla\u0111i saradnik u milanskoj kancelariji <i>Studio legale <\/i> <i>Sutti.<\/i><\/p>\n<p>Pripravnik je bio i u Privrednom sudu u Beogradu, da bi, kona\u010dno, osnovao svoju kancelariju <i>MIHAJ LAW. <\/i>   i u njoj okupio tim vrednih, sposobnih i stru\u010dnih ljudi s kojima, na op\u0161te zadovoljstvo, ve\u0107 du\u017ei niz godina uspe\u0161no sara\u0111uje. Stru\u010dni rad van granica Srbije i vladanje pravnim oblastima koje su za ovu vrstu delovanja neophodne: kompanijsko pravo, trgovinsko pravo, me\u0111unarodno privredno pravo, u\u010dinilo je da kancelarija <i>MIHAJ LAW. <\/i> postane prepoznatljiva u poslovanju sa inostranim privrednicima i investitorima, koji svoje poslovanje \u017eele da pro\u0161ire i na Srbiju. Sem toga, Vladimir je i \u010dlan Odbora arbitara Konfindustrije Srbija. No, stru\u010dnjak je i za sportsko pravo. Bio je i arbitra\u017eni sudija Ko\u0161arka\u0161kog saveza Srbije i \u010dlan Nadzornog odbora Ko\u0161arka\u0161ke lige Srbije.<\/p>\n<p>Govori engleski i italijanski jezik. Kao biv\u0161i sportista, njegova interesovanja i danas se vezuju za \u2013 ko\u0161arku.<\/p>\n<\/div>\n<hr>\n<h2>\u00a0AREE PROFESSIONALI<\/h2>\n<ul>\n<li>\n<div>\n<p><span>Diritto societario<\/span><\/p>\n<\/div>\n<\/li>\n<li>\n<div>\n<p><span>Diritto commerciale<\/span><\/p>\n<\/div>\n<\/li>\n<li>\n<div>\n<p><span>Diritto commerciale internazionale<\/span><\/p>\n<\/div>\n<\/li>\n<li>\n<div>\n<p><span>Diritto sportivo<\/span><\/p>\n<\/div>\n<\/li>\n<\/ul>\n<hr>\n<h2>\u00a0FORMAZIONE SCOLASTICA<\/h2>\n<ul>\n<li>\n<div>Facolt\u00e0 di Giurisprudenza, Universit\u00e0 di Belgrado - laureato in giurisprudenza<\/div>\n<\/li>\n<li>\n<div>Facolt\u00e0 di Scienze Politiche, Universit\u00e0 degli Studi di Macerata, Italia - 'Rapporti con i Paesi dell'Est'<\/div>\n<\/li>\n<li>\n<div>Facolt\u00e0 di Giurisprudenza, Universit\u00e0 di Belgrado - studi specialistici \"Gestione aziendale\"<\/div>\n<\/li>\n<\/ul>\n<hr>\n<h2>Esperienza<\/h2>\n<ul>\n<li>\n<h3>\u2013 Praticante persso l\u2019avvocatessa Milka Mihaj <\/h3>\n<\/li>\n<li>\n<h3 class=\"translation-block\">\u2013 Cromwell Srl, Milano - consulente<\/h3>\n<\/li>\n<li>\n<h3>&#8211; <i>Studio legale <\/i> <i>Sutti<\/i>, Milano \u2013 mla\u0111i saradnik <\/h3>\n<\/li>\n<li>\n<h3>\u2013 Tribunale commerciale di Belgrado - stagista<\/h3>\n<\/li>\n<li>\n<h3 class=\"translation-block\">\u2013 <i>MIHAJ LAW  <\/i> \u2013 avvocatessa<\/h3>\n<\/li>\n<li>\n<h3>\u2013 Tribunale commerciale di Belgrado - stagista<\/h3>\n<\/li>\n<li>\n<h3>\u2013 Basketball League of Serbia - membro del Consiglio di Sorveglianza<\/h3>\n<\/li>\n<li>\n<h3>\u2013 Membro del Collegio dei Probiviri di Confindustria Serbia<\/h3>\n<\/li>\n<li>\n<\/li>\n<\/ul>\n<p><!--more--><br \/>\n<!-- {\"type\":\"layout\",\"children\":[{\"name\":\"Vita\",\"type\":\"section\",\"props\":{\"animation_delay\":false,\"image\":\"wp-content\\\/uploads\\\/2022\\\/12\\\/m-1-scaled.jpg\",\"image_height\":\"1400\",\"image_position\":\"center-center\",\"padding\":\"large\",\"style\":\"default\",\"title_breakpoint\":\"xl\",\"title_position\":\"top-left\",\"title_rotation\":\"left\",\"vertical_align\":\"middle\",\"width\":\"default\"},\"children\":[{\"name\":\"\",\"type\":\"row\",\"children\":[{\"name\":\"\",\"type\":\"column\",\"props\":{\"image_position\":\"center-center\",\"media_overlay_gradient\":\"\",\"position_sticky_breakpoint\":\"m\",\"width_medium\":\"1-1\"},\"children\":[{\"name\":\"\",\"type\":\"headline\",\"props\":{\"content\":\"VLADIMIR MIHAJ\",\"margin\":\"small\",\"title_decoration\":\"bullet\",\"title_element\":\"h1\",\"title_style\":\"h2\"}},{\"name\":\"\",\"type\":\"text\",\"props\":{\"column_breakpoint\":\"m\",\"content\":\"\n\n<p>ADVOKAT I OSNIVA\\u010c KANCELARIJE <i>MIHAJ LAW <\\\/i><\\\/p>\",\"margin\":\"remove-vertical\"}}]}]},{\"name\":\"\",\"type\":\"row\",\"props\":{\"column_gap\":\"small\",\"divider\":true,\"layout\":\"1-3,2-3\",\"row_gap\":\"medium\"},\"children\":[{\"name\":\"\",\"type\":\"column\",\"props\":{\"image_position\":\"center-center\",\"media_overlay_gradient\":\"\",\"position_sticky_breakpoint\":\"m\",\"width_small\":\"1-3\"},\"children\":[{\"name\":\"\",\"type\":\"image\",\"props\":{\"image\":\"wp-content\\\/uploads\\\/2023\\\/01\\\/DSC_4083_1-R-KADAR-FIN-e1673924397306.jpeg\",\"image_loading\":true,\"image_svg_color\":\"emphasis\",\"image_width\":\"600\",\"margin\":\"default\"}},{\"name\":\"\",\"type\":\"button\",\"props\":{\"grid_column_gap\":\"small\",\"grid_row_gap\":\"small\",\"margin\":\"remove-vertical\"},\"children\":[{\"name\":\"\",\"type\":\"button_item\",\"props\":{\"button_style\":\"link-text\",\"content\":\"+ 381 11 26 36 059\",\"icon\":\"receiver\",\"icon_align\":\"left\",\"link\":\"tel:+ 381 11 26 36 059\"}}]},{\"name\":\"\",\"type\":\"button\",\"props\":{\"grid_column_gap\":\"small\",\"grid_row_gap\":\"small\",\"margin\":\"remove-vertical\"},\"children\":[{\"name\":\"\",\"type\":\"button_item\",\"props\":{\"button_style\":\"\",\"content\":\"vladimir.mihaj@mihajlaw.com\",\"icon\":\"mail\",\"icon_align\":\"left\",\"link\":\"mailto:vladimir.mihaj@mihajlaw.com\"}}]}]},{\"name\":\"\",\"type\":\"column\",\"props\":{\"image\":\"\",\"image_position\":\"center-center\",\"media_overlay_gradient\":\"\",\"position_sticky_breakpoint\":\"m\",\"width_small\":\"2-3\"},\"children\":[{\"name\":\"\",\"type\":\"text\",\"props\":{\"column_breakpoint\":\"m\",\"content\":\"\n\n<p>Vladimir je, nakon zavr\\u0161enog Pravnog fakulteta Univerziteta u Beogradu, zavr\\u0161io i master studije na Fakultetu politi\\u010dkih nauka Univerziteta u Macerati u Italiji, bave\\u0107i se obla\\u0161\\u0107u \\u201eRelationships with Eastern countries\\u201f.<\\\/p>\\n\n\n<p>Na Pravnom fakultetu u Beogradu okon\\u010dao je specijalisti\\u010dke studije sa temom \\u201eKorporativno upravljanje\\u201f.<br \\\/><br \\\/>Isustvo u advokaturi po\\u010deo je da sti\\u010de rade\\u0107i kao advokatski pripravnik u kancelariji svoje majke, advokata Milke Mihaj, da bi, nakon odlaska u Italiju, bio konsultant u milanskoj kancelariji <i>Cromwell Srl <\\\/i>, a potom i mla\\u0111i saradnik u milanskoj kancelariji <i>Studio legale <\\\/i> <i>Sutti.<\\\/i><br \\\/><br \\\/>Pripravnik je bio i u Privrednom sudu u Beogradu, da bi, kona\\u010dno, osnovao svoju kancelariju <i>MIHAJ LAW <\\\/i>   i u njoj okupio tim vrednih, sposobnih i stru\\u010dnih ljudi s kojima, na op\\u0161te zadovoljstvo, ve\\u0107 du\\u017ei niz godina uspe\\u0161no sara\\u0111uje. Stru\\u010dni rad van granica Srbije i vladanje pravnim oblastima koje su za ovu vrstu delovanja neophodne: kompanijsko pravo, trgovinsko pravo, me\\u0111unarodno privredno pravo, u\\u010dinilo je da kancelarija <i>MIHAJ LAW <\\\/i> postane prepoznatljiva u poslovanju sa inostranim privrednicima i investitorima, koji svoje poslovanje \\u017eele da pro\\u0161ire i na Srbiju. Sem toga, Vladimir je i \\u010dlan Odbora arbitara Konfindustrije Srbija. No, stru\\u010dnjak je i za sportsko pravo. Bio je i arbitra\\u017eni sudija Ko\\u0161arka\\u0161kog saveza Srbije i \\u010dlan Nadzornog odbora Ko\\u0161arka\\u0161ke lige Srbije.<br \\\/><br \\\/>Govori engleski i italijanski jezik. Kao biv\\u0161i sportista, njegova interesovanja i danas se vezuju za \\u2013 ko\\u0161arku.<\\\/p>\",\"margin\":\"default\",\"text_align\":\"left\"}}]}]},{\"type\":\"row\",\"children\":[{\"type\":\"column\",\"props\":{\"image_position\":\"center-center\",\"media_overlay_gradient\":\"\",\"position_sticky_breakpoint\":\"m\"},\"children\":[{\"type\":\"divider\",\"props\":{\"divider_element\":\"hr\"}}]}]},{\"type\":\"row\",\"props\":{\"layout\":\"1-4,3-4\"},\"children\":[{\"type\":\"column\",\"props\":{\"image_position\":\"center-center\",\"media_overlay_gradient\":\"\",\"position_sticky_breakpoint\":\"m\",\"width_medium\":\"1-4\"},\"children\":[{\"name\":\"\",\"type\":\"headline\",\"props\":{\"content\":\"STRU\\u010cNE OBLASTI\",\"title_decoration\":\"bullet\",\"title_element\":\"h2\",\"title_style\":\"h3\"}}]},{\"type\":\"column\",\"props\":{\"image_position\":\"center-center\",\"media_overlay_gradient\":\"\",\"position_sticky_breakpoint\":\"m\",\"width_medium\":\"3-4\"},\"children\":[{\"name\":\"\",\"type\":\"list\",\"props\":{\"column_breakpoint\":\"m\",\"image_align\":\"left\",\"image_svg_color\":\"emphasis\",\"image_vertical_align\":true,\"list_element\":\"ul\",\"list_horizontal_separator\":\", \",\"list_marker\":\"bullet\",\"list_size\":\"large\",\"list_type\":\"vertical\",\"margin\":\"small\",\"margin_remove_top\":false,\"show_image\":true,\"show_link\":true},\"children\":[{\"name\":\"\",\"type\":\"list_item\",\"props\":{\"content\":\"\n\n<p><span>Kompanijsko pravo<\\\/span><\\\/p>\"}},{\"name\":\"\",\"type\":\"list_item\",\"props\":{\"content\":\"\n\n<p><span>Trgovinsko pravo<\\\/span><\\\/p>\"}},{\"name\":\"\",\"type\":\"list_item\",\"props\":{\"content\":\"\n\n<p><span>Me\\u0111unarodno privredno pravo<\\\/span><\\\/p>\"}},{\"name\":\"\",\"type\":\"list_item\",\"props\":{\"content\":\"\n\n<p><span>Sportsko pravo<\\\/span><\\\/p>\"}}]}]}]},{\"type\":\"row\",\"children\":[{\"type\":\"column\",\"props\":{\"image_position\":\"center-center\",\"media_overlay_gradient\":\"\",\"position_sticky_breakpoint\":\"m\"},\"children\":[{\"type\":\"divider\",\"props\":{\"divider_element\":\"hr\"}}]}]},{\"type\":\"row\",\"props\":{\"layout\":\"1-4,3-4\"},\"children\":[{\"type\":\"column\",\"props\":{\"image_position\":\"center-center\",\"media_overlay_gradient\":\"\",\"position_sticky_breakpoint\":\"m\",\"width_medium\":\"1-4\"},\"children\":[{\"name\":\"\",\"type\":\"headline\",\"props\":{\"content\":\"EDUKACIJA\",\"title_decoration\":\"bullet\",\"title_element\":\"h2\",\"title_style\":\"h3\"}}]},{\"type\":\"column\",\"props\":{\"image_position\":\"center-center\",\"media_overlay_gradient\":\"\",\"position_sticky_breakpoint\":\"m\",\"width_medium\":\"3-4\"},\"children\":[{\"name\":\"\",\"type\":\"list\",\"props\":{\"column_breakpoint\":\"m\",\"icon\":\"check\",\"image_align\":\"left\",\"image_svg_color\":\"emphasis\",\"image_vertical_align\":true,\"list_element\":\"ul\",\"list_horizontal_separator\":\", \",\"list_size\":\"\",\"list_style\":\"divider\",\"list_type\":\"vertical\",\"margin\":\"medium\",\"show_image\":true,\"show_link\":true},\"children\":[{\"name\":\"\",\"type\":\"list_item\",\"props\":{\"content\":\"Pravni fakultet Univerziteta u Beogradu \\u2013 diplomirani pravnik\",\"icon\":\"\"}},{\"name\":\"\",\"type\":\"list_item\",\"props\":{\"content\":\"Master studije na Fakultetu politi\\u010dkih nauka Univerziteta u Macerati, Italija \\u2013 \\u201eRelationships with Eastern countries\\u201f\",\"icon\":\"\"}},{\"name\":\"\",\"type\":\"list_item\",\"props\":{\"content\":\"Pravni fakultet Univerziteta u Beogradu \\u2013 specijalisti\\u010dke studije \\u201eKorporativno upravljanje\\u201f\",\"icon\":\"\"}}]}]}]},{\"type\":\"row\",\"children\":[{\"type\":\"column\",\"props\":{\"image_position\":\"center-center\",\"media_overlay_gradient\":\"\",\"position_sticky_breakpoint\":\"m\"},\"children\":[{\"type\":\"divider\",\"props\":{\"divider_element\":\"hr\"}}]}]},{\"type\":\"row\",\"props\":{\"layout\":\"1-4,3-4\"},\"children\":[{\"type\":\"column\",\"props\":{\"image_position\":\"center-center\",\"media_overlay_gradient\":\"\",\"position_sticky_breakpoint\":\"m\",\"width_medium\":\"1-4\"},\"children\":[{\"name\":\"\",\"type\":\"headline\",\"props\":{\"content\":\"ISKUSTVO\",\"title_decoration\":\"bullet\",\"title_element\":\"h2\",\"title_style\":\"h3\"}}]},{\"type\":\"column\",\"props\":{\"image_position\":\"center-center\",\"media_overlay_gradient\":\"\",\"position_sticky_breakpoint\":\"m\",\"width_medium\":\"3-4\"},\"children\":[{\"name\":\"\",\"type\":\"description_list\",\"props\":{\"column_breakpoint\":\"m\",\"layout\":\"grid-2\",\"list_element\":\"ul\",\"list_size\":\"large\",\"margin\":\"small\",\"meta_align\":\"below-content\",\"meta_style\":\"text-meta\",\"show_content\":true,\"show_link\":true,\"show_meta\":true,\"show_title\":true,\"title_element\":\"div\",\"title_grid_column_gap\":\"large\",\"title_grid_row_gap\":\"large\",\"title_grid_width\":\"expand\"},\"children\":[{\"name\":\"\",\"type\":\"description_list_item\",\"props\":{\"content\":\"\",\"meta\":\"\",\"title\":\"- Advokatski pripravnik kod advokata Milke Mihaj \"}},{\"name\":\"\",\"type\":\"description_list_item\",\"props\":{\"content\":\"\",\"meta\":\"\",\"title\":\"- <i>Cromwell Srl <\\\/i>, Milano - konsultant\"}},{\"name\":\"\",\"type\":\"description_list_item\",\"props\":{\"content\":\"\",\"meta\":\"\",\"title\":\"- <i>Studio legale <\\\/i> <i>Sutti<\\\/i>, Milano \\u2013 mla\\u0111i saradnik \"}},{\"name\":\"\",\"type\":\"description_list_item\",\"props\":{\"content\":\"\",\"meta\":\"\",\"title\":\"- Privredni sud Beograd \\u2013 pripravnik\"}},{\"name\":\"\",\"type\":\"description_list_item\",\"props\":{\"content\":\"\",\"meta\":\"\",\"title\":\"- <i>MIHAJ LAW <\\\/i> \\u2013 advokat\"}},{\"name\":\"\",\"type\":\"description_list_item\",\"props\":{\"content\":\"\",\"meta\":\"\",\"title\":\"- Ko\\u0161arka\\u0161ki savez Srbije \\u2012 arbitra\\u017eni sudija\"}},{\"name\":\"\",\"type\":\"description_list_item\",\"props\":{\"content\":\"\",\"meta\":\"\",\"title\":\"- Ko\\u0161aka\\u0161ka liga Srbije \\u2013 \\u010dlan Nadzornog odbora\"}},{\"name\":\"\",\"type\":\"description_list_item\",\"props\":{\"content\":\"\",\"meta\":\"\",\"title\":\"- \\u010clan Odbora arbitara Konfindustrije Srbija\"}},{\"type\":\"description_list_item\",\"props\":{\"title\":\"\"}}]}]}]}]}],\"version\":\"3.0.23\"} --><\/p>","protected":false},"excerpt":{"rendered":"<p>VLADIMIR MIHAJ ADVOKAT I OSNIVA\u010c KANCELARIJE MIHAJ LAW + 381 11 26 36 059 vladimir.mihaj@mihajlaw.com Vladimir je, nakon zavr\u0161enog Pravnog fakulteta Univerziteta u Beogradu, zavr\u0161io i master studije na Fakultetu politi\u010dkih nauka Univerziteta u Macerati u Italiji, bave\u0107i se obla\u0161\u0107u \u201eRelationships with Eastern countries\u201f. Na Pravnom fakultetu u Beogradu okon\u010dao je specijalisti\u010dke studije sa temom [&hellip;]<\/p>","protected":false},"author":1,"featured_media":0,"parent":0,"menu_order":0,"comment_status":"closed","ping_status":"closed","template":"","meta":[],"yoast_head":"<!-- This site is optimized with the Yoast SEO plugin v20.3 - https:\/\/yoast.com\/wordpress\/plugins\/seo\/ -->\n<title>VLADIMIR MIHAJ | Mihaj Law<\/title>\n<meta name=\"robots\" content=\"index, follow, max-snippet:-1, max-image-preview:large, max-video-preview:-1\" \/>\n<link rel=\"canonical\" href=\"https:\/\/mihajlaw.com\/it\/vladimir-mihaj\/\" \/>\n<meta property=\"og:locale\" content=\"it_IT\" \/>\n<meta property=\"og:type\" content=\"article\" \/>\n<meta property=\"og:title\" content=\"VLADIMIR MIHAJ | Mihaj Law\" \/>\n<meta property=\"og:description\" content=\"VLADIMIR MIHAJ ADVOKAT I OSNIVA\u010c KANCELARIJE MIHAJ LAW + 381 11 26 36 059 vladimir.mihaj@mihajlaw.com Vladimir je, nakon zavr\u0161enog Pravnog fakulteta Univerziteta u Beogradu, zavr\u0161io i master studije na Fakultetu politi\u010dkih nauka Univerziteta u Macerati u Italiji, bave\u0107i se obla\u0161\u0107u \u201eRelationships with Eastern countries\u201f. Na Pravnom fakultetu u Beogradu okon\u010dao je specijalisti\u010dke studije sa temom [&hellip;]\" \/>\n<meta property=\"og:url\" content=\"https:\/\/mihajlaw.com\/it\/vladimir-mihaj\/\" \/>\n<meta property=\"og:site_name\" content=\"Mihaj Law\" \/>\n<meta property=\"article:modified_time\" content=\"2023-02-23T11:36:12+00:00\" \/>\n<meta property=\"og:image\" content=\"https:\/\/mihajlaw.com\/wp-content\/uploads\/2023\/03\/mijhaj-law-logo-e1678916398425.jpg\" \/>\n\t<meta property=\"og:image:width\" content=\"1373\" \/>\n\t<meta property=\"og:image:height\" content=\"641\" \/>\n\t<meta property=\"og:image:type\" content=\"image\/jpeg\" \/>\n<meta name=\"twitter:card\" content=\"summary_large_image\" \/>\n<meta name=\"twitter:label1\" content=\"Tempo di lettura stimato\" \/>\n\t<meta name=\"twitter:data1\" content=\"2 minuti\" \/>\n<script type=\"application\/ld+json\" class=\"yoast-schema-graph\">{\"@context\":\"https:\/\/schema.org\",\"@graph\":[{\"@type\":\"WebPage\",\"@id\":\"https:\/\/mihajlaw.com\/vladimir-mihaj\/\",\"url\":\"https:\/\/mihajlaw.com\/vladimir-mihaj\/\",\"name\":\"VLADIMIR MIHAJ | Mihaj Law\",\"isPartOf\":{\"@id\":\"https:\/\/mihajlaw.com\/#website\"},\"datePublished\":\"2023-02-02T16:27:29+00:00\",\"dateModified\":\"2023-02-23T11:36:12+00:00\",\"breadcrumb\":{\"@id\":\"https:\/\/mihajlaw.com\/vladimir-mihaj\/#breadcrumb\"},\"inLanguage\":\"it-IT\",\"potentialAction\":[{\"@type\":\"ReadAction\",\"target\":[\"https:\/\/mihajlaw.com\/vladimir-mihaj\/\"]}]},{\"@type\":\"BreadcrumbList\",\"@id\":\"https:\/\/mihajlaw.com\/vladimir-mihaj\/#breadcrumb\",\"itemListElement\":[{\"@type\":\"ListItem\",\"position\":1,\"name\":\"Home\",\"item\":\"https:\/\/mihajlaw.com\/\"},{\"@type\":\"ListItem\",\"position\":2,\"name\":\"VLADIMIR MIHAJ\"}]},{\"@type\":\"WebSite\",\"@id\":\"https:\/\/mihajlaw.com\/#website\",\"url\":\"https:\/\/mihajlaw.com\/\",\"name\":\"Mihaj Law\",\"description\":\"ADVOKATURA PO MERI KLIJENTA\",\"publisher\":{\"@id\":\"https:\/\/mihajlaw.com\/#organization\"},\"potentialAction\":[{\"@type\":\"SearchAction\",\"target\":{\"@type\":\"EntryPoint\",\"urlTemplate\":\"https:\/\/mihajlaw.com\/?s={search_term_string}\"},\"query-input\":\"required name=search_term_string\"}],\"inLanguage\":\"it-IT\"},{\"@type\":\"Organization\",\"@id\":\"https:\/\/mihajlaw.com\/#organization\",\"name\":\"MIHAJ LAW\",\"url\":\"https:\/\/mihajlaw.com\/\",\"logo\":{\"@type\":\"ImageObject\",\"inLanguage\":\"it-IT\",\"@id\":\"https:\/\/mihajlaw.com\/#\/schema\/logo\/image\/\",\"url\":\"https:\/\/mihajlaw.com\/wp-content\/uploads\/2023\/03\/mijhaj-law-logo-e1678916398425.jpg\",\"contentUrl\":\"https:\/\/mihajlaw.com\/wp-content\/uploads\/2023\/03\/mijhaj-law-logo-e1678916398425.jpg\",\"width\":1373,\"height\":641,\"caption\":\"MIHAJ LAW\"},\"image\":{\"@id\":\"https:\/\/mihajlaw.com\/#\/schema\/logo\/image\/\"}}]}<\/script>\n<!-- \/ Yoast SEO plugin. -->","yoast_head_json":{"title":"VLADIMIR MIHAJ | Mihaj Law","robots":{"index":"index","follow":"follow","max-snippet":"max-snippet:-1","max-image-preview":"max-image-preview:large","max-video-preview":"max-video-preview:-1"},"canonical":"https:\/\/mihajlaw.com\/it\/vladimir-mihaj\/","og_locale":"it_IT","og_type":"article","og_title":"VLADIMIR MIHAJ | Mihaj Law","og_description":"VLADIMIR MIHAJ ADVOKAT I OSNIVA\u010c KANCELARIJE MIHAJ LAW + 381 11 26 36 059 vladimir.mihaj@mihajlaw.com Vladimir je, nakon zavr\u0161enog Pravnog fakulteta Univerziteta u Beogradu, zavr\u0161io i master studije na Fakultetu politi\u010dkih nauka Univerziteta u Macerati u Italiji, bave\u0107i se obla\u0161\u0107u \u201eRelationships with Eastern countries\u201f. Na Pravnom fakultetu u Beogradu okon\u010dao je specijalisti\u010dke studije sa temom [&hellip;]","og_url":"https:\/\/mihajlaw.com\/it\/vladimir-mihaj\/","og_site_name":"Mihaj Law","article_modified_time":"2023-02-23T11:36:12+00:00","og_image":[{"width":1373,"height":641,"url":"https:\/\/mihajlaw.com\/wp-content\/uploads\/2023\/03\/mijhaj-law-logo-e1678916398425.jpg","type":"image\/jpeg"}],"twitter_card":"summary_large_image","twitter_misc":{"Tempo di lettura stimato":"2 minuti"},"schema":{"@context":"https:\/\/schema.org","@graph":[{"@type":"WebPage","@id":"https:\/\/mihajlaw.com\/vladimir-mihaj\/","url":"https:\/\/mihajlaw.com\/vladimir-mihaj\/","name":"VLADIMIR MIHAJ | Mihaj Law","isPartOf":{"@id":"https:\/\/mihajlaw.com\/#website"},"datePublished":"2023-02-02T16:27:29+00:00","dateModified":"2023-02-23T11:36:12+00:00","breadcrumb":{"@id":"https:\/\/mihajlaw.com\/vladimir-mihaj\/#breadcrumb"},"inLanguage":"it-IT","potentialAction":[{"@type":"ReadAction","target":["https:\/\/mihajlaw.com\/vladimir-mihaj\/"]}]},{"@type":"BreadcrumbList","@id":"https:\/\/mihajlaw.com\/vladimir-mihaj\/#breadcrumb","itemListElement":[{"@type":"ListItem","position":1,"name":"Home","item":"https:\/\/mihajlaw.com\/"},{"@type":"ListItem","position":2,"name":"VLADIMIR MIHAJ"}]},{"@type":"WebSite","@id":"https:\/\/mihajlaw.com\/#website","url":"https:\/\/mihajlaw.com\/","name":"Mihaj Law","description":"ADVOKATURA PO MERI KLIJENTA","publisher":{"@id":"https:\/\/mihajlaw.com\/#organization"},"potentialAction":[{"@type":"SearchAction","target":{"@type":"EntryPoint","urlTemplate":"https:\/\/mihajlaw.com\/?s={search_term_string}"},"query-input":"required name=search_term_string"}],"inLanguage":"it-IT"},{"@type":"Organization","@id":"https:\/\/mihajlaw.com\/#organization","name":"MIHAJ LAW.","url":"https:\/\/mihajlaw.com\/","logo":{"@type":"ImageObject","inLanguage":"it-IT","@id":"https:\/\/mihajlaw.com\/#\/schema\/logo\/image\/","url":"https:\/\/mihajlaw.com\/wp-content\/uploads\/2023\/03\/mijhaj-law-logo-e1678916398425.jpg","contentUrl":"https:\/\/mihajlaw.com\/wp-content\/uploads\/2023\/03\/mijhaj-law-logo-e1678916398425.jpg","width":1373,"height":641,"caption":"MIHAJ LAW"},"image":{"@id":"https:\/\/mihajlaw.com\/#\/schema\/logo\/image\/"}}]}},"_links":{"self":[{"href":"https:\/\/mihajlaw.com\/it\/wp-json\/wp\/v2\/pages\/2128"}],"collection":[{"href":"https:\/\/mihajlaw.com\/it\/wp-json\/wp\/v2\/pages"}],"about":[{"href":"https:\/\/mihajlaw.com\/it\/wp-json\/wp\/v2\/types\/page"}],"author":[{"embeddable":true,"href":"https:\/\/mihajlaw.com\/it\/wp-json\/wp\/v2\/users\/1"}],"replies":[{"embeddable":true,"href":"https:\/\/mihajlaw.com\/it\/wp-json\/wp\/v2\/comments?post=2128"}],"version-history":[{"count":55,"href":"https:\/\/mihajlaw.com\/it\/wp-json\/wp\/v2\/pages\/2128\/revisions"}],"predecessor-version":[{"id":4266,"href":"https:\/\/mihajlaw.com\/it\/wp-json\/wp\/v2\/pages\/2128\/revisions\/4266"}],"wp:attachment":[{"href":"https:\/\/mihajlaw.com\/it\/wp-json\/wp\/v2\/media?parent=2128"}],"curies":[{"name":"wp","href":"https:\/\/api.w.org\/{rel}","templated":true}]}}