{"id":2481,"date":"2023-02-03T07:40:32","date_gmt":"2023-02-03T07:40:32","guid":{"rendered":"https:\/\/mihajlaw.com\/?page_id=2481"},"modified":"2023-03-27T11:05:22","modified_gmt":"2023-03-27T11:05:22","slug":"ivana-vojteski","status":"publish","type":"page","link":"https:\/\/mihajlaw.com\/it\/ivana-vojteski\/","title":{"rendered":"IVANA VOJTESKI"},"content":{"rendered":"<h1>IVANA VOJTE\u0160KI<\/h1>\n<div>\n<p>COLLABORATRICE AMMINISTRATIVA<\/p>\n<\/div>\n<p><img decoding=\"async\" src=\"\/wp-content\/uploads\/2023\/02\/Ivana-Vojteski_4427_1-R-KADAR-FIN.jpeg\" alt=\"\"><\/p>\n<ul>\n<li>\n        <a href=\"tel:+ 381 13 830 795\">+ 381 13 830 795<\/a>\n    <\/li>\n<li>\n        <a href=\"tel:+ 381  62 350 620\">+ 381  62 350 620<\/a>\n    <\/li>\n<\/ul>\n<p>\n    <a href=\"mailto: ivana.vojteski@mihajlaw.com\"> ivana.vojteski@mihajlaw.com<\/a>\n<\/p>\n<div>\n<p>Ivana je zavr\u0161ila Ekonomsku \u0161kolu \u201cDositej Obradovi\u0107\u201d u Alibunaru. Vi\u0161e od deset godina radi na mestu administrativnog saradnika u Advokatskoj kancelariji <em>MIHAJ LAW. <\/em> kao neophodna administrativna  podr\u0161ka  advokatskom timu. <br \/>Poseduje izuzetno iskustvo i znanje, vezano za standardizaciju tokova rada, vo\u0111enje razli\u010ditih baza podataka i komunikaciju sa klijentima.\n<\/p>\n<p>Govori engleski jezik.<\/p>\n<p>Opu\u0161ta se uz pilates.<\/p>\n<\/div>\n<hr>\n<h2>\u00a0AREE PROFESSIONALI<\/h2>\n<div>\n<div>\n<p>Administrativni poslovi<\/p>\n<\/div>\n<\/div>\n<hr>\n<h2>\u00a0FORMAZIONE SCOLASTICA<\/h2>\n<div>\n<div>\n<p>Ekonomska \u0161kola \u201eDositej Obradovi\u0107\u201f,\u00a0 Alibunar\u00a0<\/p>\n<\/div>\n<\/div>\n<hr>\n<h2>Esperienza<\/h2>\n<div>\n<h3>&#8211; Vi\u0161e od deset godina rada na administrativnim poslovima u Advokatskoj kancelariji <i>MIHAJ LAW. <\/i><\/h3>\n<\/div>\n<p><!--more--><br \/>\n<!-- {\"type\":\"layout\",\"children\":[{\"name\":\"Vita\",\"type\":\"section\",\"props\":{\"animation_delay\":false,\"image\":\"wp-content\\\/uploads\\\/2022\\\/12\\\/m-1-scaled.jpg\",\"image_height\":\"1400\",\"image_position\":\"center-center\",\"padding\":\"large\",\"style\":\"default\",\"title_breakpoint\":\"xl\",\"title_position\":\"top-left\",\"title_rotation\":\"left\",\"vertical_align\":\"middle\",\"width\":\"default\"},\"children\":[{\"name\":\"\",\"type\":\"row\",\"children\":[{\"name\":\"\",\"type\":\"column\",\"props\":{\"image_position\":\"center-center\",\"media_overlay_gradient\":\"\",\"position_sticky_breakpoint\":\"m\",\"width_medium\":\"1-1\"},\"children\":[{\"name\":\"\",\"type\":\"headline\",\"props\":{\"content\":\"IVANA VOJTE\\u0160KI\",\"margin\":\"small\",\"title_decoration\":\"bullet\",\"title_element\":\"h1\",\"title_style\":\"h2\"}},{\"name\":\"\",\"type\":\"text\",\"props\":{\"column_breakpoint\":\"m\",\"content\":\"\n\n<p>ADMINISTRATIVNI SARADNIK<\\\/p>\",\"margin\":\"remove-vertical\"}}]}]},{\"name\":\"\",\"type\":\"row\",\"props\":{\"column_gap\":\"small\",\"divider\":true,\"layout\":\"1-3,2-3\",\"row_gap\":\"medium\"},\"children\":[{\"name\":\"\",\"type\":\"column\",\"props\":{\"image_position\":\"center-center\",\"media_overlay_gradient\":\"\",\"position_sticky_breakpoint\":\"m\",\"width_small\":\"1-3\"},\"children\":[{\"name\":\"\",\"type\":\"image\",\"props\":{\"image\":\"wp-content\\\/uploads\\\/2023\\\/02\\\/Ivana-Vojteski_4427_1-R-KADAR-FIN.jpeg\",\"image_loading\":true,\"image_svg_color\":\"emphasis\",\"image_width\":\"600\",\"margin\":\"default\"}},{\"name\":\"\",\"type\":\"button\",\"props\":{\"grid_column_gap\":\"small\",\"grid_row_gap\":\"small\",\"margin\":\"remove-vertical\"},\"children\":[{\"name\":\"\",\"type\":\"button_item\",\"props\":{\"button_style\":\"link-text\",\"content\":\"+ 381 13 830 795\",\"icon\":\"receiver\",\"icon_align\":\"left\",\"link\":\"tel:+ 381 13 830 795\"}},{\"name\":\"\",\"type\":\"button_item\",\"props\":{\"button_style\":\"link-text\",\"content\":\"+ 381  62 350 620\",\"icon\":\"phone\",\"icon_align\":\"left\",\"link\":\"tel:+ 381  62 350 620\"}}]},{\"name\":\"\",\"type\":\"button\",\"props\":{\"grid_column_gap\":\"small\",\"grid_row_gap\":\"small\",\"margin\":\"remove-vertical\"},\"children\":[{\"name\":\"\",\"type\":\"button_item\",\"props\":{\"button_style\":\"\",\"content\":\" ivana.vojteski@mihajlaw.com\",\"icon\":\"mail\",\"icon_align\":\"left\",\"link\":\"mailto: ivana.vojteski@mihajlaw.com\"}}]}]},{\"name\":\"\",\"type\":\"column\",\"props\":{\"image\":\"\",\"image_position\":\"center-center\",\"media_overlay_gradient\":\"\",\"position_sticky_breakpoint\":\"m\",\"width_small\":\"2-3\"},\"children\":[{\"name\":\"\",\"type\":\"text\",\"props\":{\"column_breakpoint\":\"m\",\"content\":\"\n\n<p>Ivana je zavr\\u0161ila Ekonomsku \\u0161kolu \\u201cDositej Obradovi\\u0107\\u201d u Alibunaru. Vi\\u0161e od deset godina radi na mestu administrativnog saradnika u Advokatskoj kancelariji <em>MIHAJ LAW <\\\/em> kao neophodna administrativna  podr\\u0161ka  advokatskom timu. <br \/>Poseduje izuzetno iskustvo i znanje, vezano za standardizaciju tokova rada, vo\\u0111enje razli\\u010ditih baza podataka i komunikaciju sa klijentima.\\n<\\\/p>\\n\n\n<p>Govori engleski jezik.<\\\/p>\\n\n\n<p>Opu\\u0161ta se uz pilates.<\\\/p>\",\"margin\":\"default\",\"text_align\":\"left\"}}]}]},{\"type\":\"row\",\"children\":[{\"type\":\"column\",\"props\":{\"image_position\":\"center-center\",\"media_overlay_gradient\":\"\",\"position_sticky_breakpoint\":\"m\"},\"children\":[{\"type\":\"divider\",\"props\":{\"divider_element\":\"hr\"}}]}]},{\"type\":\"row\",\"props\":{\"layout\":\"1-4,3-4\"},\"children\":[{\"type\":\"column\",\"props\":{\"image_position\":\"center-center\",\"media_overlay_gradient\":\"\",\"position_sticky_breakpoint\":\"m\",\"width_medium\":\"1-4\"},\"children\":[{\"name\":\"\",\"type\":\"headline\",\"props\":{\"content\":\"STRU\\u010cNE OBLASTI\",\"title_decoration\":\"bullet\",\"title_element\":\"h2\",\"title_style\":\"h3\"}}]},{\"type\":\"column\",\"props\":{\"image_position\":\"center-center\",\"media_overlay_gradient\":\"\",\"position_sticky_breakpoint\":\"m\",\"width_medium\":\"3-4\"},\"children\":[{\"name\":\"\",\"type\":\"list\",\"props\":{\"column_breakpoint\":\"m\",\"image_align\":\"left\",\"image_svg_color\":\"emphasis\",\"image_vertical_align\":true,\"list_element\":\"ul\",\"list_horizontal_separator\":\", \",\"list_marker\":\"bullet\",\"list_size\":\"large\",\"list_type\":\"vertical\",\"margin\":\"small\",\"margin_remove_top\":false,\"show_image\":true,\"show_link\":true},\"children\":[{\"name\":\"\",\"type\":\"list_item\",\"props\":{\"content\":\"\n\n<p>Administrativni poslovi<\\\/p>\"}}]}]}]},{\"type\":\"row\",\"children\":[{\"type\":\"column\",\"props\":{\"image_position\":\"center-center\",\"media_overlay_gradient\":\"\",\"position_sticky_breakpoint\":\"m\"},\"children\":[{\"type\":\"divider\",\"props\":{\"divider_element\":\"hr\"}}]}]},{\"type\":\"row\",\"props\":{\"layout\":\"1-4,3-4\"},\"children\":[{\"type\":\"column\",\"props\":{\"image_position\":\"center-center\",\"media_overlay_gradient\":\"\",\"position_sticky_breakpoint\":\"m\",\"width_medium\":\"1-4\"},\"children\":[{\"name\":\"\",\"type\":\"headline\",\"props\":{\"content\":\"EDUKACIJA\",\"title_decoration\":\"bullet\",\"title_element\":\"h2\",\"title_style\":\"h3\"}}]},{\"type\":\"column\",\"props\":{\"image_position\":\"center-center\",\"media_overlay_gradient\":\"\",\"position_sticky_breakpoint\":\"m\",\"width_medium\":\"3-4\"},\"children\":[{\"name\":\"\",\"type\":\"list\",\"props\":{\"column_breakpoint\":\"m\",\"icon\":\"check\",\"image_align\":\"left\",\"image_svg_color\":\"emphasis\",\"image_vertical_align\":true,\"list_element\":\"ul\",\"list_horizontal_separator\":\", \",\"list_size\":\"\",\"list_style\":\"divider\",\"list_type\":\"vertical\",\"margin\":\"medium\",\"show_image\":true,\"show_link\":true},\"children\":[{\"name\":\"\",\"type\":\"list_item\",\"props\":{\"content\":\"\n\n<p>Ekonomska \\u0161kola \\u201eDositej Obradovi\\u0107\\u201f,\\u00a0 Alibunar\\u00a0<\\\/p>\",\"icon\":\"\"}}]}]}]},{\"type\":\"row\",\"children\":[{\"type\":\"column\",\"props\":{\"image_position\":\"center-center\",\"media_overlay_gradient\":\"\",\"position_sticky_breakpoint\":\"m\"},\"children\":[{\"type\":\"divider\",\"props\":{\"divider_element\":\"hr\"}}]}]},{\"type\":\"row\",\"props\":{\"layout\":\"1-4,3-4\"},\"children\":[{\"type\":\"column\",\"props\":{\"image_position\":\"center-center\",\"media_overlay_gradient\":\"\",\"position_sticky_breakpoint\":\"m\",\"width_medium\":\"1-4\"},\"children\":[{\"name\":\"\",\"type\":\"headline\",\"props\":{\"content\":\"ISKUSTVO\",\"title_decoration\":\"bullet\",\"title_element\":\"h2\",\"title_style\":\"h3\"}}]},{\"type\":\"column\",\"props\":{\"image_position\":\"center-center\",\"media_overlay_gradient\":\"\",\"position_sticky_breakpoint\":\"m\",\"width_medium\":\"3-4\"},\"children\":[{\"name\":\"\",\"type\":\"description_list\",\"props\":{\"column_breakpoint\":\"m\",\"layout\":\"grid-2\",\"list_element\":\"ul\",\"list_size\":\"large\",\"margin\":\"small\",\"meta_align\":\"below-content\",\"meta_style\":\"text-meta\",\"show_content\":true,\"show_link\":true,\"show_meta\":true,\"show_title\":true,\"title_element\":\"div\",\"title_grid_column_gap\":\"large\",\"title_grid_row_gap\":\"large\",\"title_grid_width\":\"expand\"},\"children\":[{\"name\":\"\",\"type\":\"description_list_item\",\"props\":{\"content\":\"\",\"meta\":\"\",\"title\":\"- Vi\\u0161e od deset godina rada na administrativnim poslovima u Advokatskoj kancelariji <i>MIHAJ LAW <\\\/i>\"}}]}]}]}]}],\"version\":\"3.0.23\"} --><\/p>","protected":false},"excerpt":{"rendered":"<p>IVANA VOJTE\u0160KI ADMINISTRATIVNI SARADNIK + 381 13 830 795 + 381 62 350 620 ivana.vojteski@mihajlaw.com Ivana je zavr\u0161ila Ekonomsku \u0161kolu \u201cDositej Obradovi\u0107\u201d u Alibunaru. Vi\u0161e od deset godina radi na mestu administrativnog saradnika u Advokatskoj kancelariji MIHAJ LAW kao neophodna administrativna podr\u0161ka advokatskom timu. Poseduje izuzetno iskustvo i znanje, vezano za standardizaciju tokova rada, vo\u0111enje [&hellip;]<\/p>","protected":false},"author":1,"featured_media":0,"parent":0,"menu_order":0,"comment_status":"closed","ping_status":"closed","template":"","meta":[],"yoast_head":"<!-- This site is optimized with the Yoast SEO plugin v20.3 - https:\/\/yoast.com\/wordpress\/plugins\/seo\/ -->\n<title>IVANA VOJTESKI | Mihaj Law<\/title>\n<meta name=\"robots\" content=\"index, follow, max-snippet:-1, max-image-preview:large, max-video-preview:-1\" \/>\n<link rel=\"canonical\" href=\"https:\/\/mihajlaw.com\/it\/ivana-vojteski\/\" \/>\n<meta property=\"og:locale\" content=\"it_IT\" \/>\n<meta property=\"og:type\" content=\"article\" \/>\n<meta property=\"og:title\" content=\"IVANA VOJTESKI | Mihaj Law\" \/>\n<meta property=\"og:description\" content=\"IVANA VOJTE\u0160KI ADMINISTRATIVNI SARADNIK + 381 13 830 795 + 381 62 350 620 ivana.vojteski@mihajlaw.com Ivana je zavr\u0161ila Ekonomsku \u0161kolu \u201cDositej Obradovi\u0107\u201d u Alibunaru. Vi\u0161e od deset godina radi na mestu administrativnog saradnika u Advokatskoj kancelariji MIHAJ LAW kao neophodna administrativna podr\u0161ka advokatskom timu. Poseduje izuzetno iskustvo i znanje, vezano za standardizaciju tokova rada, vo\u0111enje [&hellip;]\" \/>\n<meta property=\"og:url\" content=\"https:\/\/mihajlaw.com\/it\/ivana-vojteski\/\" \/>\n<meta property=\"og:site_name\" content=\"Mihaj Law\" \/>\n<meta property=\"article:modified_time\" content=\"2023-03-27T11:05:22+00:00\" \/>\n<meta property=\"og:image\" content=\"https:\/\/mihajlaw.com\/wp-content\/uploads\/2023\/03\/mijhaj-law-logo-e1678916398425.jpg\" \/>\n\t<meta property=\"og:image:width\" content=\"1373\" \/>\n\t<meta property=\"og:image:height\" content=\"641\" \/>\n\t<meta property=\"og:image:type\" content=\"image\/jpeg\" \/>\n<meta name=\"twitter:card\" content=\"summary_large_image\" \/>\n<script type=\"application\/ld+json\" class=\"yoast-schema-graph\">{\"@context\":\"https:\/\/schema.org\",\"@graph\":[{\"@type\":\"WebPage\",\"@id\":\"https:\/\/mihajlaw.com\/ivana-vojteski\/\",\"url\":\"https:\/\/mihajlaw.com\/ivana-vojteski\/\",\"name\":\"IVANA VOJTESKI | Mihaj Law\",\"isPartOf\":{\"@id\":\"https:\/\/mihajlaw.com\/#website\"},\"datePublished\":\"2023-02-03T07:40:32+00:00\",\"dateModified\":\"2023-03-27T11:05:22+00:00\",\"breadcrumb\":{\"@id\":\"https:\/\/mihajlaw.com\/ivana-vojteski\/#breadcrumb\"},\"inLanguage\":\"it-IT\",\"potentialAction\":[{\"@type\":\"ReadAction\",\"target\":[\"https:\/\/mihajlaw.com\/ivana-vojteski\/\"]}]},{\"@type\":\"BreadcrumbList\",\"@id\":\"https:\/\/mihajlaw.com\/ivana-vojteski\/#breadcrumb\",\"itemListElement\":[{\"@type\":\"ListItem\",\"position\":1,\"name\":\"Home\",\"item\":\"https:\/\/mihajlaw.com\/\"},{\"@type\":\"ListItem\",\"position\":2,\"name\":\"IVANA VOJTESKI\"}]},{\"@type\":\"WebSite\",\"@id\":\"https:\/\/mihajlaw.com\/#website\",\"url\":\"https:\/\/mihajlaw.com\/\",\"name\":\"Mihaj Law\",\"description\":\"ADVOKATURA PO MERI KLIJENTA\",\"publisher\":{\"@id\":\"https:\/\/mihajlaw.com\/#organization\"},\"potentialAction\":[{\"@type\":\"SearchAction\",\"target\":{\"@type\":\"EntryPoint\",\"urlTemplate\":\"https:\/\/mihajlaw.com\/?s={search_term_string}\"},\"query-input\":\"required name=search_term_string\"}],\"inLanguage\":\"it-IT\"},{\"@type\":\"Organization\",\"@id\":\"https:\/\/mihajlaw.com\/#organization\",\"name\":\"MIHAJ LAW\",\"url\":\"https:\/\/mihajlaw.com\/\",\"logo\":{\"@type\":\"ImageObject\",\"inLanguage\":\"it-IT\",\"@id\":\"https:\/\/mihajlaw.com\/#\/schema\/logo\/image\/\",\"url\":\"https:\/\/mihajlaw.com\/wp-content\/uploads\/2023\/03\/mijhaj-law-logo-e1678916398425.jpg\",\"contentUrl\":\"https:\/\/mihajlaw.com\/wp-content\/uploads\/2023\/03\/mijhaj-law-logo-e1678916398425.jpg\",\"width\":1373,\"height\":641,\"caption\":\"MIHAJ LAW\"},\"image\":{\"@id\":\"https:\/\/mihajlaw.com\/#\/schema\/logo\/image\/\"}}]}<\/script>\n<!-- \/ Yoast SEO plugin. -->","yoast_head_json":{"title":"IVANA VOJTESKI | Mihaj Law","robots":{"index":"index","follow":"follow","max-snippet":"max-snippet:-1","max-image-preview":"max-image-preview:large","max-video-preview":"max-video-preview:-1"},"canonical":"https:\/\/mihajlaw.com\/it\/ivana-vojteski\/","og_locale":"it_IT","og_type":"article","og_title":"IVANA VOJTESKI | Mihaj Law","og_description":"IVANA VOJTE\u0160KI ADMINISTRATIVNI SARADNIK + 381 13 830 795 + 381 62 350 620 ivana.vojteski@mihajlaw.com Ivana je zavr\u0161ila Ekonomsku \u0161kolu \u201cDositej Obradovi\u0107\u201d u Alibunaru. Vi\u0161e od deset godina radi na mestu administrativnog saradnika u Advokatskoj kancelariji MIHAJ LAW kao neophodna administrativna podr\u0161ka advokatskom timu. Poseduje izuzetno iskustvo i znanje, vezano za standardizaciju tokova rada, vo\u0111enje [&hellip;]","og_url":"https:\/\/mihajlaw.com\/it\/ivana-vojteski\/","og_site_name":"Mihaj Law","article_modified_time":"2023-03-27T11:05:22+00:00","og_image":[{"width":1373,"height":641,"url":"https:\/\/mihajlaw.com\/wp-content\/uploads\/2023\/03\/mijhaj-law-logo-e1678916398425.jpg","type":"image\/jpeg"}],"twitter_card":"summary_large_image","schema":{"@context":"https:\/\/schema.org","@graph":[{"@type":"WebPage","@id":"https:\/\/mihajlaw.com\/ivana-vojteski\/","url":"https:\/\/mihajlaw.com\/ivana-vojteski\/","name":"IVANA VOJTESKI | Mihaj Law","isPartOf":{"@id":"https:\/\/mihajlaw.com\/#website"},"datePublished":"2023-02-03T07:40:32+00:00","dateModified":"2023-03-27T11:05:22+00:00","breadcrumb":{"@id":"https:\/\/mihajlaw.com\/ivana-vojteski\/#breadcrumb"},"inLanguage":"it-IT","potentialAction":[{"@type":"ReadAction","target":["https:\/\/mihajlaw.com\/ivana-vojteski\/"]}]},{"@type":"BreadcrumbList","@id":"https:\/\/mihajlaw.com\/ivana-vojteski\/#breadcrumb","itemListElement":[{"@type":"ListItem","position":1,"name":"Home","item":"https:\/\/mihajlaw.com\/"},{"@type":"ListItem","position":2,"name":"IVANA VOJTESKI"}]},{"@type":"WebSite","@id":"https:\/\/mihajlaw.com\/#website","url":"https:\/\/mihajlaw.com\/","name":"Mihaj Law","description":"ADVOKATURA PO MERI KLIJENTA","publisher":{"@id":"https:\/\/mihajlaw.com\/#organization"},"potentialAction":[{"@type":"SearchAction","target":{"@type":"EntryPoint","urlTemplate":"https:\/\/mihajlaw.com\/?s={search_term_string}"},"query-input":"required name=search_term_string"}],"inLanguage":"it-IT"},{"@type":"Organization","@id":"https:\/\/mihajlaw.com\/#organization","name":"MIHAJ LAW.","url":"https:\/\/mihajlaw.com\/","logo":{"@type":"ImageObject","inLanguage":"it-IT","@id":"https:\/\/mihajlaw.com\/#\/schema\/logo\/image\/","url":"https:\/\/mihajlaw.com\/wp-content\/uploads\/2023\/03\/mijhaj-law-logo-e1678916398425.jpg","contentUrl":"https:\/\/mihajlaw.com\/wp-content\/uploads\/2023\/03\/mijhaj-law-logo-e1678916398425.jpg","width":1373,"height":641,"caption":"MIHAJ LAW"},"image":{"@id":"https:\/\/mihajlaw.com\/#\/schema\/logo\/image\/"}}]}},"_links":{"self":[{"href":"https:\/\/mihajlaw.com\/it\/wp-json\/wp\/v2\/pages\/2481"}],"collection":[{"href":"https:\/\/mihajlaw.com\/it\/wp-json\/wp\/v2\/pages"}],"about":[{"href":"https:\/\/mihajlaw.com\/it\/wp-json\/wp\/v2\/types\/page"}],"author":[{"embeddable":true,"href":"https:\/\/mihajlaw.com\/it\/wp-json\/wp\/v2\/users\/1"}],"replies":[{"embeddable":true,"href":"https:\/\/mihajlaw.com\/it\/wp-json\/wp\/v2\/comments?post=2481"}],"version-history":[{"count":16,"href":"https:\/\/mihajlaw.com\/it\/wp-json\/wp\/v2\/pages\/2481\/revisions"}],"predecessor-version":[{"id":5855,"href":"https:\/\/mihajlaw.com\/it\/wp-json\/wp\/v2\/pages\/2481\/revisions\/5855"}],"wp:attachment":[{"href":"https:\/\/mihajlaw.com\/it\/wp-json\/wp\/v2\/media?parent=2481"}],"curies":[{"name":"wp","href":"https:\/\/api.w.org\/{rel}","templated":true}]}}