{"id":631,"date":"2022-12-19T08:14:07","date_gmt":"2022-12-19T08:14:07","guid":{"rendered":"https:\/\/mihajlaw.com\/?page_id=631"},"modified":"2023-05-24T15:28:16","modified_gmt":"2023-05-24T15:28:16","slug":"tim","status":"publish","type":"page","link":"https:\/\/mihajlaw.com\/it\/tim\/","title":{"rendered":"NOSTRO TEAM"},"content":{"rendered":"<h2>NOSTRO TEAM<\/h2>\n<h2 class=\"translation-block\">GIOVANI AVVOCATI E COLLABORATORI AMBIZIOSI E PROSPETTIVI, <br>CHE HANNO STRAORDINARIA COMPETENZA, <br>IESPERIENZA E PERSISTENZA NELLA  <br> RAPPRESENTANZA DEI CLIENTI.<\/h2>\n<p><img decoding=\"async\" src=\"\/wp-content\/uploads\/2023\/04\/Mihaj-law-team-cro.png\" alt=\"\"><\/p>\n<h2>OGNI  CASO<br \/>\n<br \/>\n<span class=\"uk-heading-divider uk-display-inline-block\">E\u2019 UNICO.<\/span><\/h2>\n<p>\n    <a href=\"\/it\/oblasti-rada\/\">aree<\/a>\n<\/p>\n<div>Avvocati e collaboratori dello studio <i>MIHAJ LAW. <\/i> kancelarije, sticali su akademsko obrazovanje u Republici Srbiji,<br \/>\nali i van njenih granica (Italija, \u0160vajcarska).<\/p>\n<p>I nostri avvocati hanno grande esperinza nel rappresentanza dei clienti nelle controversie complesse, realtive alle  cornici nazionali,  nonche\u2019 all\u2019estero.<\/p>\n<p>I nostri collaboratori esterni sono  interpreti giudiziari ed  esperti nell\u2019area della consulenza bancaria, finanziaria, contabile, tributaria e aziendale nelle  societa\u2019  come Deloitte, Raiffeisen bank, Hypo GroupAlpe-Adria leasing,  Credit Agricole bank, Aik bank ecc.<\/p><\/div>\n<div>\n<h3>AVVOCATI E COLLABORATORI<\/h3>\n<div>\n<p><a href=\"\/it\/vladimir-mihaj\/\">Vladimir Mihaj<\/a>\u2003<br \/><a href=\"\/it\/mihaela-turkan\/\">Mihaela Turkan<\/a> \u2003<br \/><a href=\"\/it\/rastko-svicevic\/\">Rastko Svi\u010devi\u0107<\/a> \u2003<br \/><a href=\"\/it\/strahinja-maricic\/\">Strahinja Maric\u030cic\u0301<\/a> <br \/><a href=\"\/it\/aleksandra-stefanovic\/\">Aleksandra Stefanovi\u0107<\/a> \u2003<br \/><a href=\"\/it\/aleksandra-velickovic\/\">Aleksandra Velic\u030ckovic\u0301<\/a>\u2003 <br \/><a href=\"\/it\/ivana-vojteski\/\">Ivana Vojte\u0161ki<\/a> <br \/><a href=\"\/it\/aleksandra-radovic-marijanovic\/\">Aleksandra Radovi\u0107 \u2013 Marjanovi\u0107<\/a><a href=\"\/it\/aleksandra-radovic-marijanovic\/\"><\/a>\u2003 <br \/><a href=\"\/it\/ivana-djordjevic\/\">Ivana \u0110or\u0111evi\u0107<\/a><a href=\"\/it\/ivana-djordjevic\/\"><\/a><\/p>\n<\/div>\n<\/div>\n<div>\n<h3>COLLABORATORI ESTERNI<\/h3>\n<div>\n<p><a href=\"\/it\/tamara-siljic\/\">Tamara \u0160ilji\u0107<\/a>\u2003 <br \/><a href=\"\/it\/dragan-bosankic\/\">Dragan Bosanki\u0107\u00a0 <\/a>\u2003 <br \/><a href=\"\/it\/violeta-milosavljevic\/\">Violeta Milosavljevi\u0107\u00a0<\/a><\/p>\n<\/div>\n<\/div>\n<div>\n<p>        <img decoding=\"async\" src=\"\/wp-content\/uploads\/2023\/02\/Vladimir-Mihaj_4083_1-R-KADAR-FIN-copy.jpeg\" alt=\"\"><\/p>\n<h2>VLADIMIR MIHAJ<\/h2>\n<p>AVVOCATO E FONDATORE DELLO STUDIO MIHAJ LAW<\/p>\n<div>\n<p>Vladimir Mihaj \u00e8 il fondatore dello studio legale\u00a0 <i>MIHAJ LAW.<\/i> a Belgrado.\u00a0Nella sua pratica si occupa di diritto societario, diritto commerciale e diritto commerciale internazionale.\u00a0Altre aree  nelle quali \u00e8 specializzato  sono il  diritto sportivo e il diritto medico. \u00c8 il membro del Comitato dei Probiviri di Confindustria Serbia.<br \/>\n\u010clan je Odbora arbitara Konfindustrije Srbija.<br \/>\n<\/p>\n<ul class=\"uk-subnav uk-subnav-divider uk-margin-medium-top\">\n<li><a href=\"tel:+ 381 11 26 36 059\">+ 381 11 26 36 059<\/a><\/li>\n<li><a \n\n\n<li><a href=\"mailto:vladimir.mihaj@mihajlaw.com\">vladimir.mihaj@mihajlaw.com<\/a><\/li>\n<\/ul>\n<\/div>\n<p><a href=\"https:\/\/mihajlaw.com\/it\/vladimir-mihaj\/\">Leggi di pi\u00f9<\/a><\/p>\n<\/div>\n<div>\n<p>        <img decoding=\"async\" src=\"\/wp-content\/uploads\/2023\/02\/MIHAELA-TURKAN-DSC_3610_1-R-KADAR-FIN.jpeg\" alt=\"\"><\/p>\n<h2>Mihaela Turkan<\/h2>\n<p>AVVOCATO<\/p>\n<div>\n<p>Mihaela, dopo aver completato  gli studi presso la Facolt\u00e0 di Giurisprudenza dell'Universit\u00e0 di Belgrado, ha svolto presso la stessa facolt\u00e0 anche studi specialistici nell\u2019area della consulenza fiscale.\u2028 <br \/>\nL\u2019 esperienza lavorativa ha ottenuto  come  praticante  dall'avvocato Milka Mihaj,  e dopo  come collaboratore pi\u00f9 giovane presso lo Studio legale Giovanni Slawitz di Parma e come  praticante  presso il Tribunale Commerciale di Belgrado.\u00a0 Lavora come   avvocato nello studio\u00a0MIHAJ LAW\u00a0. <i>MIHAJ LAW.<\/i> <i>MIHAJ LAW  <\/i>.\n<\/p>\n<ul class=\"uk-subnav uk-subnav-divider uk-margin-medium-top\">\n<li><a href=\"tel:+ 381 11 26 36 059\">+ 381 11 26 36 059<\/a><\/li>\n<li><a \n\n\n<li><a href=\"mailto:mihaela.turkan@mihajlaw.com\">mihaela.turkan@mihajlaw.com<\/a><\/li>\n<\/ul>\n<\/div>\n<p><a href=\"\/it\/mihaela-turkan\/\">Leggi di pi\u00f9<\/a><\/p>\n<\/div>\n<div>\n<p>        <img decoding=\"async\" src=\"\/wp-content\/uploads\/2023\/02\/RASTKO-SVICEVIC_4572_1-R-KADAR-FIN.jpeg\" alt=\"\"><\/p>\n<h2>RASTKO SVIC\u030cEVIC\u0301<\/h2>\n<p>AVVOCATO<\/p>\n<div>\n<p>Lavora come l\u2019avvocato nello studio <i>MIHAJ LAW.<\/i>Il suo lavoro professionale si basa su molti anni di esperienza nel campo, principalmente, del diritto penale e civile.\u00a0\u00c8 l\u2019autore del libro professionale \"Perizia sul danno morale\". <br \/>Njegov profesionalni rad zasnovan je na vi\u0161egodi\u0161njem iskustvu u domenu, prete\u017eno, krivi\u010dnog i gra\u0111anskog prava. Autor je stru\u010dne knjige \u201eVe\u0161ta\u010denje nematerijalne \u0161tete\u201f. <\/p>\n<ul class=\"uk-subnav uk-subnav-divider uk-margin-medium-top\">\n<li><a href=\"tel:+ 381 11 26 36 059\">+ 381 11 26 36 059<\/a><\/li>\n<li><a href=\"tel:+ 381 60 11 46 545\">+ 381 60 11 46 545<\/a><\/li>\n<li><a \n\n\n<li><a href=\"mailto:r.svicevic@mihajlaw.com\">r.svicevic@mihajlaw.com<\/a><\/li>\n<\/ul>\n<\/div>\n<p><a href=\"\/it\/rastko-svicevic\/\">Leggi di pi\u00f9<\/a><\/p>\n<\/div>\n<div>\n<p>        <img decoding=\"async\" src=\"\/wp-content\/uploads\/2023\/02\/STRAHINJA-MARICIC_4254_1-R-KADAR-FIN.jpeg\" alt=\"\"><\/p>\n<h2>STRAHINJA MARIC\u030cIC\u0301<\/h2>\n<p>AVVOCATO<\/p>\n<div>\n<p>Strahinja si \u00e8 laureato presso la Facolt\u00e0 di Giurisprudenza dell'Universit\u00e0 di Belgrado, e poi, presso la stessa facolt\u00e0, ha completato gli studi di magistrale accademico nel campo del diritto fallimentare.\u2028<br \/>\n\tHa maturato esperienze lavorative come praticante d\u2019avvocato presso il Tribunale Commerciale di Belgrado, e poi come praticante d\u2019avvocato presso lo studio\u00a0 <i>MIHAJ LAW.<\/i> MIHAJ LAW\u00a0, dove  lavora adesso come l\u2019avvocato.\u2028<br \/>\n\tI campi alle quali si dedica sono diritto societario,  diritto commerciale, diritto fallimentare, diritto commerciale internazionale, diritto penale e processuale.<\/p>\n<ul class=\"uk-subnav uk-subnav-divider uk-margin-medium-top\">\n<li><a href=\"tel:+ 381 11 26 36 059\">+ 381 11 26 36 059<\/a><\/li>\n<li><a href=\"tel:+ 381 63 896 2919\">+ 381 63 896 2919<\/a><\/li>\n<li><a \n\n\n<li><a href=\"mailto:strahinja.maricic@mihajlaw.com\">strahinja.maricic@mihajlaw.com<\/a><\/li>\n<\/ul>\n<\/div>\n<p><a href=\"\/it\/strahinja-maricic\/\">Leggi di pi\u00f9<\/a><\/p>\n<\/div>\n<div>\n<p>        <img decoding=\"async\" src=\"\/wp-content\/uploads\/2023\/02\/ALEKSANDRA-STEFANOVIC_3525-new_1-R-KADAR-FIN.jpeg\" alt=\"\"><\/p>\n<h2>ALEKSANDRA STEFANOVI\u0106<\/h2>\n<p>AVVOCATO <\/p>\n<div>\n<p>Aleksandra si \u00e8 laureata presso la Facolt\u00e0 di Giurisprudenza di Belgrado.\u00a0Ha acquisito esperienza come praticante  d\u2019avvocato presso lo studio legale di Vladimir Mihaj e adesso lavora come l\u2019avvocato nello studio\u00a0 <i>MIHAJ LAW.<\/i> .\u00a0\u00c8 membro dell'Ordine degli avvocati di Belgrado.\u2028<br \/>\nLe aree del suo lavoro professionale nella pratica legale sono il diritto commerciale, il diritto amministrativo, il diritto di lavoro, nonch\u00e9 le questioni relative allo stato degli stranieri.<\/p>\n<ul class=\"uk-subnav uk-subnav-divider uk-margin-medium-top\">\n<li><a href=\"tel:+ 381 11 26 36 059\">+ 381 11 26 36 059<\/a><\/li>\n<li><a href=\"tel:+ 381 61 718 0412\">+ 381 61 718 0412<\/a><\/li>\n<li><a \n\n\n<li><a href=\"mailto:aleksandra.stefanovic@mihajlaw.com\">aleksandra.stefanovic@mihajlaw.com<\/a><\/li>\n<\/ul>\n<\/div>\n<p><a href=\"\/it\/aleksandra-stefanovic\/\">Leggi di pi\u00f9<\/a><\/p>\n<\/div>\n<div>\n<p>        <img decoding=\"async\" src=\"\/wp-content\/uploads\/2023\/02\/ALEKSANDRA-VELICKOVIC_3707_1-R-KADAR-FIN.jpeg\" alt=\"\"><\/p>\n<h2>ALEKSANDRA VELIC\u030cKOVIC\u0301<\/h2>\n<p>AVVOCATO <\/p>\n<div>\n<p>Aleksandra si \u00e8 laureata presso la Facolt\u00e0 di Giurisprudenza dell'Universit\u00e0 di Belgrado.\u00a0Ha maturato esperienza come praticante d\u2019avvocato dagli avvocati Milka Mihaj e Mihaela  \nTurkan. <br \/>Lavora come l\u2019avvocato nello studio <i>MIHAJ LAW.<\/i> <i>MIHAJ LAW  <\/i>.<br \/>\nOblasti njenog rada jesu radno pravo, upravno pravo, kao i gra\u0111ansko pravo, odnosno stvarno, obligaciono, porodi\u010dno i nasledno pravo. Izuzetan je poznavalac sudske prakse.<\/p>\n<ul class=\"uk-subnav uk-subnav-divider uk-margin-medium-top\">\n<li><a href=\"tel:+ 381 11 26 36 059\">+ 381 11 26 36 059<\/a><\/li>\n<li><a href=\"tel:+ 381 63 19 91 806\">+ 381 63 19 91 806<\/a><\/li>\n<li><a \n\n\n<li><a href=\"mailto:aleksandra.velickovic@mihajlaw.com\">aleksandra.velickovic@mihajlaw.com<\/a><\/li>\n<\/ul>\n<\/div>\n<p><a href=\"\/it\/aleksandra-velickovic\/\">Leggi di pi\u00f9<\/a><\/p>\n<\/div>\n<div>\n<p>        <img decoding=\"async\" src=\"\/wp-content\/uploads\/2023\/02\/Ivana-Vojteski_4427_1-R-KADAR-FIN.jpeg\" alt=\"\"><\/p>\n<h2>Ivana Vojte\u0161ki<\/h2>\n<p>Administrativni saradnik<\/p>\n<div>\n<p>Ivana si \u00e8 laureata presso Istituto Tecnico Commerciale e lavora da pi\u00f9 di dieci anni come collaboratore amministrativo presso lo studio legale\u00a0 <i>MIHAJ LAW.<\/i>.\u00a0Ha \nun'esperienza e una conoscenza eccezionale in questo campo di lavoro. <\/p>\n<ul class=\"uk-subnav uk-subnav-divider uk-margin-medium-top\">\n<li><a href=\"tel:+ 381 13 83 0795\">+ 381 13 830 795<\/a><\/li>\n<li><a href=\"tel:+ 381 62 350 620\">+ 381 62 350 620<\/a><\/li>\n<li><a \n\n\n<li><a href=\"mailto: ivana.vojteski@mihajlaw.com\">ivana.vojteski@mihajlaw.com<\/a><\/li>\n<\/ul>\n<\/div>\n<p><a href=\"\/it\/ivana-vojteski\/\">Leggi di pi\u00f9<\/a><\/p>\n<\/div>\n<div>\n<p>        <img decoding=\"async\" src=\"\/wp-content\/uploads\/2023\/02\/ALEKSANDRA-RADOVIC-MARJANOVICDSC_3269_1-R-KADAR-FIN.jpeg\" alt=\"\"><\/p>\n<h2>ALEKSANDRA RADOVI\u0106 &#8211;  MARJANOVI\u0106<\/h2>\n<p>Chief of staff<\/p>\n<div>\n<p>Aleksandra Radovi\u0107-Marjanovi\u0107 \u00e8 la business developer presso <i>MIHAJ LAW.<\/i>. Kao lingvista i stru\u010dnjak za PR i komunikacije, omogu\u0107ava svakodnevno<br \/>\nfunkcionisanje kancelarije na svim nivoima. <\/p>\n<ul class=\"uk-subnav uk-subnav-divider uk-margin-medium-top\">\n<li><a href=\"tel:+ 381 11 26 36 059\">+ 381 11 26 36 059<\/a><\/li>\n<li><a href=\"tel:+ 381 63 49 8724\">+ 381 63 49 8724<\/a><\/li>\n<li><a \n\n\n<li><a href=\"mailto:aleksandra.marjanovic@mihajlaw.com\">aleksandra.marjanovic@mihajlaw.com<\/a><\/li>\n<\/ul>\n<\/div>\n<p><a href=\"\/it\/aleksandra-radovic-marijanovic\/\">Leggi di pi\u00f9<\/a><\/p>\n<\/div>\n<div>\n<p>        <img decoding=\"async\" src=\"\/wp-content\/uploads\/2023\/05\/Ivana-Dordevic-DSC_6172-R-low-res-e1684942041786.jpg\" alt=\"\"><\/p>\n<h2>IVANA \u0110OR\u0110EVI\u0106 <\/h2>\n<p>Office manager<\/p>\n<div>\n<p>Ivana je apsolvent Odseka za italijanski jezik  Filolo\u0161kog fakulteta Univerziteta u Beogradu.<br \/>\nOblast njenog rada jeste prevo\u0111enje na italijanski jezik i sa njega.<\/p>\n<ul class=\"uk-subnav uk-subnav-divider uk-margin-medium-top\">\n<li><a href=\"tel:+ + 381 11 2 636 059\">+ + 381 11 2 636 059<\/a><\/li>\n<li><a href=\"tel:+ 381  60 451 61 82\">+ 381  60 451 61 82<\/a><\/li>\n<li><a \n\n\n<li><a href=\"mailto: ivana.djordjevic@mihajlaw.com\">ivana.djordjevic@mihajlaw.com<\/a><\/li>\n<\/ul>\n<\/div>\n<p><a href=\"\/it\/ivana-djordjevic\/\">Leggi di pi\u00f9<\/a><\/p>\n<\/div>\n<hr>\n<h1>COLLABORATORI ESTERNI<\/h1>\n<div>\n<p>        <img decoding=\"async\" src=\"\/wp-content\/uploads\/2023\/02\/Tamara-Siljic-3912_1-R-KADAR-FIN.jpeg\" alt=\"\"><\/p>\n<h2>Tamara \u0160ilji\u0107<\/h2>\n<p>AVVOCATO - COLLABORATORI ESTERNI<\/p>\n<div>\n<p>Tamara ha maturato esperienza, prima di tutto, facendo volontariato in organizzazioni non \ngovernative per la tutela dell'ambiente, e poi come praticante d\u2019avvocato  presso lo studio legale\u00a0MIHAJ LAW, <i>MIHAJ LAW.<\/i>dove lavora come l\u2019avvocato  -  \ncollaboratore esterno.\u00a0Dal 2019 \u00e8 vicepresidente dell'HR Forum Confindustria Serbia.\n <\/p>\n<ul class=\"uk-subnav uk-subnav-divider uk-margin-medium-top\">\n<li><a href=\"tel:+ 381 63 749 43 23\">+ 381 63 749 43 23<br \/>\n<\/a><\/li>\n<li><a \n\n\n<li><a href=\"mailto: adv.tamarasiljic@gmail.com\">adv.tamarasiljic@gmail.com<\/a><\/li>\n<\/ul>\n<\/div>\n<p><a href=\"\/it\/tamara-siljic\/\">Leggi di pi\u00f9<\/a><\/p>\n<\/div>\n<div>\n<p>        <img decoding=\"async\" src=\"\/wp-content\/uploads\/2023\/02\/DRAGAN-BOSANKIC_4350_1-R-KADAR-FIN.jpeg\" alt=\"\"><\/p>\n<h2>DRAGAN BOSANKIC\u0301<\/h2>\n<p>COLLABORATORE ESTERNO PER LA CONSULENZA FISCALE E LA CONTABILIT\u00c0<\/p>\n<div>\n<p>Dragan - Pi\u00f9 di 20 anni d\u2018esperienza lavorativa nella consulenza bancaria, finanziaria, contabile, fiscale e aziendale in compagnie come Deloitte, banca Raiffeisen, Hypo Group-Alpe-Adria leasing, banca Credit Agricole, banca AIK e altre.\u00a0\u00c8 membro della \nSociet\u00e0 fiscale serba (SFD) e dell'Associazione fiscale internazionale (IFA).\u00a0\u00c8 il direttore di Socet\u00e0\nCommerciale Smart Tax Solutions doo Belgrade.<\/p>\n<ul class=\"uk-subnav uk-subnav-divider uk-margin-medium-top\">\n<li><a href=\"tel:+ 381  64 1976 470\">+ 381 64 1976 470<\/a><\/li>\n<li><a \n       \n\n\n<li><a \n\n\n<li><a href=\"mailto: dragan.bosankic@smarttaxsolutions.rs\">dragan.bosankic@smarttaxsolutions.rs<\/a><\/li>\n<\/ul>\n<li><a href=\"\/it\/www.smarttaxsolutions.rs\/\">www.smarttaxsolutions.rs<\/a><\/li>\n<\/ul>\n<\/div>\n<p><a href=\"\/it\/dragan-bosankic\/\">Leggi di pi\u00f9<\/a><\/p>\n<\/div>\n<div>\n<p>        <img decoding=\"async\" src=\"\/wp-content\/uploads\/2023\/02\/Violeta-Milosavljevic-_3357_1-R-KADAR-FIN.jpeg\" alt=\"\"><\/p>\n<h2>VIOLETA MILOSAVLJEVI\u0106<\/h2>\n<p> COLLABORATRICE ESTERNA - INTERPRETE GIUDIZIARIA <\/p>\n<div>\n<p>Violeta Milosavljevi\u0107 \u00e8 interprete giudiziaria\/traduttore giudiziale per la lingua italiana.\u00a0I campi che rientrano nel dominio del suo lavoro sono il diritto, l'economia e la \nmedicina. <\/p>\n<ul class=\"uk-subnav uk-subnav-divider uk-margin-medium-top\">\n<li><a href=\"tel:+ 381 60 42 47 441\">+ 381 60 42 47 441<\/a><\/li>\n<li><a \n\n\n<li><a href=\"mailto:violamilosavljevic@yahoo.it\">violamilosavljevic@yahoo.it<\/a><\/li>\n<\/ul>\n<\/div>\n<p><a href=\"\/it\/violeta-milosavljevic\/\">Leggi di pi\u00f9<\/a><\/p>\n<\/div>\n<hr>\n<div>\n<h3>CONTATTACI <\/h3>\n<div>\n<p>UFFICIO BELGRADO\u2028 <br \/>\nKneza Mihaila 34\/2<\/p>\n<\/div>\n<p><a href=\"\/it\/kontakt\/\">Visitateci<\/a><\/p>\n<\/div>\n<div>\n<h3>AREE <br \/>DI LAVORO<\/h3>\n<div>\n<p>Rappresentanza, consulenza e azione legale<\/p>\n<\/div>\n<p><a href=\"\/it\/oblasti-rada\/\">Servizi legali e legislativi<\/a><\/p>\n<\/div>\n<h3>Unitevi <i>MIHAJ LAW. <\/i> timu<\/h3>\n<div>Se desideri lavorare in un team creativo, siamo il posto perfetto per te.<\/div>\n<p>\n    <a href=\"\/it\/posao\/\">Posizioni lavorative<\/a>\n<\/p>\n<p><!--more--><br \/>\n<!-- {\"type\":\"layout\",\"children\":[{\"name\":\"About\",\"type\":\"section\",\"props\":{\"css\":\"@media (min-width: 1921px) {\\n\\t.el-section > * { background-position: 10% 100%; }\\n}\",\"image\":\"\",\"image_effect\":\"parallax\",\"image_parallax_bgy\":\",\",\"image_position\":\"center-center\",\"image_size\":\"contain\",\"media_visibility\":\"l\",\"padding\":\"large\",\"padding_remove_bottom\":true,\"padding_remove_top\":true,\"sticky\":\"\",\"style\":\"default\",\"title_breakpoint\":\"xl\",\"title_position\":\"top-left\",\"title_rotation\":\"left\",\"vertical_align\":\"middle\",\"width\":\"expand\",\"width_expand_padding_remove\":true,\"width_expand_right\":true},\"children\":[{\"type\":\"row\",\"children\":[{\"type\":\"column\",\"props\":{\"image\":\"https:\\\/\\\/mihajlaw.com\\\/wp-content\\\/uploads\\\/2023\\\/03\\\/slash-31.png\",\"image_effect\":\"parallax\",\"image_loading\":true,\"image_position\":\"center-left\",\"media_overlay_gradient\":\"\",\"position_sticky_breakpoint\":\"m\"},\"children\":[{\"name\":\"\",\"type\":\"headline\",\"props\":{\"animation\":\"slide-top\",\"block_align\":\"center\",\"content\":\"NA\\u0160 TIM\",\"margin_remove_top\":true,\"position\":\"relative\",\"text_align\":\"right\",\"title_element\":\"h2\",\"title_style\":\"heading-large\"}},{\"name\":\"\",\"type\":\"headline\",\"props\":{\"animation\":\"slide-left-small\",\"block_align\":\"center\",\"content\":\"AMBICIOZNI I PERSPEKTIVNI MLADI ADVOKATI<br \/>I SARADNICI, KOJI POSEDUJU <br \/>IZVANREDNU STRU\\u010cNOST, ISKUSTVO <br \/> I ISTRAJNOST U ZASTUPANJU KLIJENTATA.\",\"margin_remove_top\":true,\"text_align\":\"right\",\"title_color\":\"secondary\",\"title_element\":\"h2\",\"title_style\":\"h2\"}},{\"type\":\"image\",\"props\":{\"animation\":\"fade\",\"container_padding_remove\":false,\"image\":\"wp-content\\\/uploads\\\/2023\\\/04\\\/Mihaj-law-team-cro.png\",\"image_svg_color\":\"emphasis\",\"margin\":\"default\",\"margin_remove_bottom\":false,\"text_align\":\"center\"}}]}],\"props\":{\"divider\":false,\"width\":\"expand\"}}]},{\"type\":\"section\",\"props\":{\"image_position\":\"center-center\",\"padding_remove_bottom\":false,\"padding_remove_top\":true,\"style\":\"default\",\"title_breakpoint\":\"xl\",\"title_position\":\"top-left\",\"title_rotation\":\"left\",\"vertical_align\":\"middle\",\"width\":\"default\"},\"children\":[{\"type\":\"row\",\"props\":{\"layout\":\"1-2,1-2\"},\"children\":[{\"type\":\"column\",\"props\":{\"image\":\"wp-content\\\/uploads\\\/2023\\\/03\\\/M-hi-rez-copy-2-scaled-e1678478849808.jpg\",\"image_position\":\"center-right\",\"image_size\":\"contain\",\"media_overlay_gradient\":\"\",\"position_sticky_breakpoint\":\"m\",\"width_medium\":\"1-2\"},\"children\":[{\"name\":\"\",\"type\":\"headline\",\"props\":{\"animation\":\"parallax\",\"content\":\"SVAKI PREDMET\\n<br \/>\\n<span class=\\\"uk-heading-divider uk-display-inline-block\\\">JE JEDINSTVEN.<\\\/span>\",\"maxwidth_breakpoint\":\"m\",\"parallax_breakpoint\":\"m\",\"parallax_easing\":\"1\",\"parallax_y\":\"30,-30\",\"title_color\":\"primary\",\"title_element\":\"h2\",\"title_style\":\"heading-medium\"}}]},{\"type\":\"column\",\"props\":{\"image_position\":\"center-center\",\"media_overlay_gradient\":\"\",\"position_sticky_breakpoint\":\"m\",\"width_medium\":\"1-2\"},\"children\":[{\"name\":\"\",\"type\":\"button\",\"props\":{\"animation\":\"parallax\",\"grid_column_gap\":\"small\",\"grid_row_gap\":\"small\",\"margin\":\"default\",\"parallax_breakpoint\":\"m\",\"parallax_easing\":\"1\",\"parallax_y\":\"30,-30\"},\"children\":[{\"name\":\"\",\"type\":\"button_item\",\"props\":{\"button_style\":\"text\",\"content\":\"Oblasti\",\"icon_align\":\"left\",\"link\":\"\\\/oblasti-rada\\\/\"}}]},{\"name\":\"\",\"type\":\"text\",\"props\":{\"column_breakpoint\":\"m\",\"content\":\"Advokati i saradnici <i>MIHAJ LAW <\\\/i> kancelarije, sticali su akademsko obrazovanje u Republici Srbiji,\\nali i van njenih granica (Italija, \\u0160vajcarska).\n\n\\nNa\\u0161e radno iskustvo sa doma\\u0107im i me\\u0111unarodnim kompanijama, kao i sa pojedincima, pru\\u017ea klijentima ose\\u0107aj sigurnosti i potpunog poverenja.\n\n\\nNa\\u0161i spoljni sardanici su sudski prevodioci i eksperti iz oblasti  bankarstva, finansija, ra\\u010dunovodstva, poreskog i poslovnog savetovanja u kompanijama poput Deloitte, Raiffeisen bank, Hypo GroupAlpe-Adria leasing, Credit Agricole bank, AIK banka i dr.\",\"margin\":\"large\",\"margin_remove_top\":true,\"maxwidth\":\"large\",\"maxwidth_breakpoint\":\"m\",\"text_align\":\"left\",\"text_align_breakpoint\":\"m\",\"text_align_fallback\":\"center\",\"text_style\":\"lead\"}}]}]}]},{\"type\":\"section\",\"props\":{\"animation\":\"fade\",\"animation_delay\":\"100\",\"image\":\"wp-content\\\/uploads\\\/2023\\\/03\\\/backround-mihaj-law--scaled.jpg\",\"image_position\":\"center-center\",\"image_size\":\"cover\",\"media_overlay\":\"rgba(89, 7, 149, 0.87)\",\"padding\":\"small\",\"padding_remove_bottom\":false,\"style\":\"primary\",\"title_breakpoint\":\"xl\",\"title_position\":\"top-left\",\"title_rotation\":\"left\",\"vertical_align\":\"middle\",\"width\":\"default\"},\"children\":[{\"type\":\"row\",\"props\":{\"class\":\"\",\"layout\":\"1-3,1-3,1-3\"},\"children\":[{\"type\":\"column\",\"props\":{\"image_position\":\"center-center\",\"media_overlay_gradient\":\"\",\"position_sticky_breakpoint\":\"m\",\"width_medium\":\"1-3\"},\"children\":[]},{\"type\":\"column\",\"props\":{\"image_position\":\"center-center\",\"media_overlay_gradient\":\"\",\"position_sticky_breakpoint\":\"m\",\"width_medium\":\"1-3\"},\"children\":[{\"type\":\"panel\",\"props\":{\"content\":\"\n\n<p><a href=\\\"\\\/vladimir-mihaj\\\/\\\">Vladimir Mihaj<\\\/a>\\u2003<br \\\/><a href=\\\"\\\/mihaela-turkan\\\/\\\">Mihaela Turkan<\\\/a> \\u2003<br \\\/><a href=\\\"\\\/rastko-svicevic\\\/\\\">Rastko Svi\\u010devi\\u0107<\\\/a> \\u2003<br \\\/><a href=\\\"\\\/strahinja-maricic\\\/\\\">Strahinja Maric\\u030cic\\u0301<\\\/a> <br \\\/><a href=\\\"\\\/aleksandra-stefanovic\\\/\\\">Aleksandra Stefanovi\\u0107<\\\/a> \\u2003<br \\\/><a href=\\\"\\\/aleksandra-velickovic\\\/\\\">Aleksandra Velic\\u030ckovic\\u0301<\\\/a>\\u2003 <br \\\/><a href=\\\"\\\/ivana-vojteski\\\/\\\">Ivana Vojte\\u0161ki<\\\/a> <br \\\/><a href=\\\"\\\/aleksandra-radovic-marijanovic\\\/\\\">Aleksandra Radovi\\u0107 \\u2013 Marjanovi\\u0107<\\\/a><a href=\\\"\\\/aleksandra-radovic-marijanovic\\\/\\\"><\\\/a>\\u2003 <br \\\/><a href=\\\"\\\/ivana-djordjevic\\\/\\\">Ivana \\u0110or\\u0111evi\\u0107<\\\/a><a href=\\\"\\\/ivana-djordjevic\\\/\\\"><\\\/a><\\\/p>\",\"content_column_breakpoint\":\"m\",\"content_style\":\"text-lead\",\"icon_width\":80,\"image\":\"\",\"image_align\":\"top\",\"image_grid_breakpoint\":\"m\",\"image_grid_width\":\"1-2\",\"image_svg_color\":\"emphasis\",\"image_svg_inline\":true,\"image_width\":\"260\",\"link\":\"\",\"link_margin\":\"medium\",\"link_style\":\"text\",\"link_text\":\"\",\"margin\":\"medium\",\"meta_align\":\"below-title\",\"meta_element\":\"div\",\"meta_style\":\"text-meta\",\"text_align\":\"left\",\"title\":\"ADVOKATI I SARADNICI\",\"title_align\":\"top\",\"title_element\":\"h3\",\"title_grid_breakpoint\":\"m\",\"title_grid_width\":\"1-2\",\"title_hover_style\":\"reset\",\"title_margin\":\"medium\"}}]},{\"type\":\"column\",\"props\":{\"image_position\":\"center-center\",\"media_overlay_gradient\":\"\",\"position_sticky_breakpoint\":\"m\",\"width_medium\":\"1-3\"},\"children\":[{\"type\":\"panel\",\"props\":{\"content\":\"\n\n<p><br \\\/><a href=\\\"\\\/tamara-siljic\\\/\\\">Tamara \\u0160ilji\\u0107<\\\/a>\\u2003 <br \\\/><a href=\\\"\\\/dragan-bosankic\\\/\\\">Dragan Bosanki\\u0107\\u00a0 <\\\/a>\\u2003 <br \\\/><a href=\\\"\\\/violeta-milosavljevic\\\/\\\">Violeta Milosavljevi\\u0107\\u00a0<\\\/a><\\\/p>\",\"content_column_breakpoint\":\"m\",\"content_style\":\"text-lead\",\"icon_width\":80,\"image\":\"\",\"image_align\":\"top\",\"image_grid_breakpoint\":\"m\",\"image_grid_width\":\"1-2\",\"image_svg_color\":\"emphasis\",\"image_svg_inline\":true,\"image_width\":\"280\",\"link\":\"\",\"link_margin\":\"medium\",\"link_style\":\"text\",\"link_text\":\"\",\"margin\":\"medium\",\"meta_align\":\"below-title\",\"meta_element\":\"div\",\"meta_style\":\"text-meta\",\"text_align\":\"left\",\"title\":\"SPOLJNI SARADNICI\",\"title_align\":\"top\",\"title_element\":\"h3\",\"title_grid_breakpoint\":\"m\",\"title_grid_width\":\"1-2\",\"title_hover_style\":\"reset\",\"title_margin\":\"medium\"}}]}]}],\"name\":\"How It Works\"},{\"name\":\"Speakers\",\"type\":\"section\",\"props\":{\"animation\":\"slide-bottom\",\"animation_delay\":\"200\",\"header_transparent\":\"dark\",\"image\":\"\",\"image_effect\":\"parallax\",\"image_loading\":true,\"image_parallax_bgy\":\"0,500\",\"image_parallax_breakpoint\":\"m\",\"image_parallax_easing\":\"1\",\"image_position\":\"top-left\",\"image_size\":\"contain\",\"media_overlay\":\"rgba(74, 13, 136, 0)\",\"media_visibility\":\"m\",\"padding\":\"large\",\"padding_remove_bottom\":false,\"padding_remove_top\":false,\"style\":\"default\",\"title_breakpoint\":\"xl\",\"title_position\":\"top-left\",\"title_rotation\":\"left\",\"vertical_align\":\"middle\",\"width\":\"default\"},\"children\":[{\"name\":\"\",\"type\":\"row\",\"props\":{\"layout\":\"3-4,1-4\"},\"children\":[{\"name\":\"\",\"type\":\"column\",\"props\":{\"image_position\":\"center-center\",\"media_overlay_gradient\":\"\",\"position_sticky_breakpoint\":\"m\",\"width_medium\":\"3-4\"},\"children\":[{\"name\":\"\",\"type\":\"panel\",\"props\":{\"class\":\"\",\"content\":\"\n\n<p>Vladimir Mihaj je osniva\\u010d Advokatske kancelarije <i>MIHAJ LAW<\\\/i> u Beogradu. U svojoj praksi fokusira se na kompanijsko, trgovinsko i  me\\u0111unarodno privredno pravo. Ostale oblasti u kojima je stru\\u010dan obuhvataju sportsko, kao i medicinsko pravo.<br \/>\\n\\u010clan je Odbora arbitara Konfindustrije Srbija. \\n<br \/><\\\/p>\\n\n\n<ul class=\\\"uk-subnav uk-subnav-divider uk-margin-medium-top\\\">\\n\n\n<li><a href=\\\"tel:+ 381 11 26 36 059\\\">+ 381 11 26 36 059<\\\/a><\\\/li>\\n\\n\n\n<li><a \\n\n\n<li><a href=\\\"mailto:vladimir.mihaj@mihajlaw.com\\\">vladimir.mihaj@mihajlaw.com<\\\/a><\\\/li>\\n<\\\/ul>\",\"content_column_breakpoint\":\"m\",\"icon_width\":80,\"id\":\"speakers-emily-jeffreys\",\"image\":\"wp-content\\\/uploads\\\/2023\\\/02\\\/Vladimir-Mihaj_4083_1-R-KADAR-FIN-copy.jpeg\",\"image_align\":\"left\",\"image_grid_breakpoint\":\"s\",\"image_grid_column_gap\":\"collapse\",\"image_grid_row_gap\":\"collapse\",\"image_grid_width\":\"1-2\",\"image_height\":\"800\",\"image_loading\":true,\"image_svg_color\":\"emphasis\",\"image_width\":\"609\",\"link\":\"https:\\\/\\\/mihajlaw.com\\\/vladimir-mihaj\\\/\",\"link_style\":\"default\",\"link_text\":\"Pro\\u010ditaj vi\\u0161e\",\"margin\":\"default\",\"meta\":\"ADVOKAT I OSNIVA\\u010c KANCELARIJE MIHAJ LAW\",\"meta_align\":\"below-title\",\"meta_color\":\"muted\",\"meta_element\":\"div\",\"meta_margin\":\"small\",\"meta_style\":\"h6\",\"panel_image_no_padding\":true,\"panel_padding\":\"large\",\"panel_style\":\"card-default\",\"title\":\"VLADIMIR MIHAJ\",\"title_align\":\"top\",\"title_element\":\"h2\",\"title_grid_breakpoint\":\"m\",\"title_grid_width\":\"1-2\",\"title_hover_style\":\"reset\",\"title_style\":\"h1\"}}]},{\"name\":\"\",\"type\":\"column\",\"props\":{\"image_position\":\"center-center\",\"media_overlay_gradient\":\"\",\"position_sticky_breakpoint\":\"m\",\"width_medium\":\"1-4\"},\"children\":[]}]},{\"name\":\"\",\"type\":\"row\",\"props\":{\"layout\":\"1-4,3-4\"},\"children\":[{\"name\":\"\",\"type\":\"column\",\"props\":{\"image_position\":\"center-center\",\"media_overlay_gradient\":\"\",\"position_sticky_breakpoint\":\"m\",\"width_medium\":\"1-4\"}},{\"name\":\"\",\"type\":\"column\",\"props\":{\"image_position\":\"center-center\",\"media_overlay_gradient\":\"\",\"position_sticky_breakpoint\":\"m\",\"width_medium\":\"3-4\"},\"children\":[{\"name\":\"\",\"type\":\"panel\",\"props\":{\"class\":\"\",\"content\":\"\n\n<p>Mihaela je, nakon oko\\u010danih studija Pravnog fakulteta Univerziteta u Beogradu, zavr\\u0161ila, na istom fakultetu, i specijalisti\\u010dke studije iz oblasti poreskog savetovanja. <br \/>\\nIskustvo u radu sticala je kao advokatski pripravnik kod advokata Milke Mihaj, a potom kao mla\\u0111i saradnik u  Studio legale Giovanni Slawitz u Parmi i kao pripravnik u Privrednom sudu u Beogradu. U kancelariji <i>MIHAJ LAW<\\\/i> radi kao advokat. \\n<\\\/p>\\n\\n\n\n<ul class=\\\"uk-subnav uk-subnav-divider uk-margin-medium-top\\\">\\n\n\n<li><a href=\\\"tel:+ 381 11 26 36 059\\\">+ 381 11 26 36 059<\\\/a><\\\/li>\\n\\n\n\n<li><a \\n\n\n<li><a href=\\\"mailto:mihaela.turkan@mihajlaw.com\\\">mihaela.turkan@mihajlaw.com<\\\/a><\\\/li>\\n<\\\/ul>\",\"content_column_breakpoint\":\"m\",\"icon_width\":80,\"id\":\"speakers-steven-lee\",\"image\":\"wp-content\\\/uploads\\\/2023\\\/02\\\/MIHAELA-TURKAN-DSC_3610_1-R-KADAR-FIN.jpeg\",\"image_align\":\"left\",\"image_grid_breakpoint\":\"s\",\"image_grid_column_gap\":\"collapse\",\"image_grid_row_gap\":\"collapse\",\"image_grid_width\":\"1-2\",\"image_height\":\"800\",\"image_svg_color\":\"emphasis\",\"image_vertical_align\":false,\"image_width\":\"609\",\"link\":\"mihaela-turkan\\\/\",\"link_style\":\"default\",\"link_text\":\"Pro\\u010ditaj vi\\u0161e\",\"margin\":\"default\",\"meta\":\"Advokat\",\"meta_align\":\"below-title\",\"meta_element\":\"div\",\"meta_margin\":\"small\",\"meta_style\":\"text-meta\",\"panel_image_no_padding\":true,\"panel_padding\":\"large\",\"panel_style\":\"card-default\",\"title\":\"Mihaela Turkan\",\"title_align\":\"top\",\"title_element\":\"h2\",\"title_grid_breakpoint\":\"m\",\"title_grid_width\":\"1-2\",\"title_hover_style\":\"reset\",\"title_style\":\"h1\"}}]}]},{\"name\":\"\",\"type\":\"row\",\"props\":{\"layout\":\"3-4,1-4\"},\"children\":[{\"name\":\"\",\"type\":\"column\",\"props\":{\"image_position\":\"center-center\",\"media_overlay_gradient\":\"\",\"position_sticky_breakpoint\":\"m\",\"width_medium\":\"3-4\"},\"children\":[{\"name\":\"\",\"type\":\"panel\",\"props\":{\"class\":\"\",\"content\":\"\n\n<p>U kancelariji <i>MIHAJ LAW<\\\/i>, Rastko Svi\\u010devi\\u0107 radi kao advokat \\u010dije su stru\\u010dne preference krivi\\u010dno pravo, prekr\\u0161ajno pravo, sportsko pravo, naknada nematerijalne \\u0161tete i medicinsko pravo. <br \/>Njegov profesionalni rad zasnovan je na vi\\u0161egodi\\u0161njem iskustvu u domenu, prete\\u017eno, krivi\\u010dnog i gra\\u0111anskog prava. Autor je stru\\u010dne knjige \\u201eVe\\u0161ta\\u010denje nematerijalne \\u0161tete\\u201f. \\n\\n<\\\/p>\\n\\n\n\n<ul class=\\\"uk-subnav uk-subnav-divider uk-margin-medium-top\\\">\\n\n\n<li><a href=\\\"tel:+ 381 11 26 36 059\\\">+ 381 11 26 36 059<\\\/a><\\\/li>\\n\n\n<li><a href=\\\"tel:+ 381 60 11 46 545\\\">+ 381 60 11 46 545<\\\/a><\\\/li>\\n\\n\n\n<li><a \\n\n\n<li><a href=\\\"mailto:r.svicevic@mihajlaw.com\\\">r.svicevic@mihajlaw.com<\\\/a><\\\/li>\\n<\\\/ul>\",\"content_column_breakpoint\":\"m\",\"icon_width\":80,\"id\":\"speakers-alison-fisher\",\"image\":\"wp-content\\\/uploads\\\/2023\\\/02\\\/RASTKO-SVICEVIC_4572_1-R-KADAR-FIN.jpeg\",\"image_align\":\"left\",\"image_grid_breakpoint\":\"s\",\"image_grid_column_gap\":\"collapse\",\"image_grid_row_gap\":\"collapse\",\"image_grid_width\":\"1-2\",\"image_height\":\"800\",\"image_svg_color\":\"emphasis\",\"image_width\":\"609\",\"link\":\"rastko-svicevic\\\/\",\"link_style\":\"default\",\"link_text\":\"Pro\\u010ditaj vi\\u0161e\",\"margin\":\"default\",\"meta\":\"Advokat\",\"meta_align\":\"below-title\",\"meta_element\":\"div\",\"meta_margin\":\"small\",\"meta_style\":\"text-meta\",\"panel_image_no_padding\":true,\"panel_padding\":\"large\",\"panel_style\":\"card-default\",\"title\":\"RASTKO SVIC\\u030cEVIC\\u0301\",\"title_align\":\"top\",\"title_element\":\"h2\",\"title_grid_breakpoint\":\"m\",\"title_grid_width\":\"1-2\",\"title_hover_style\":\"reset\",\"title_style\":\"h1\"}}]},{\"name\":\"\",\"type\":\"column\",\"props\":{\"image_position\":\"center-center\",\"media_overlay_gradient\":\"\",\"position_sticky_breakpoint\":\"m\",\"width_medium\":\"1-4\"}}]},{\"name\":\"\",\"type\":\"row\",\"props\":{\"layout\":\"1-4,3-4\"},\"children\":[{\"name\":\"\",\"type\":\"column\",\"props\":{\"image_position\":\"center-center\",\"media_overlay_gradient\":\"\",\"position_sticky_breakpoint\":\"m\",\"width_medium\":\"1-4\"}},{\"name\":\"\",\"type\":\"column\",\"props\":{\"image_position\":\"center-center\",\"media_overlay_gradient\":\"\",\"position_sticky_breakpoint\":\"m\",\"width_medium\":\"3-4\"},\"children\":[{\"name\":\"\",\"type\":\"panel\",\"props\":{\"class\":\"\",\"content\":\"\n\n<p>Strahinja je diplomirao na Pravnom fakultetu Univerziteta u Beogradu, a potom, na istom fakultetu, okon\\u010dao akademske master studije iz oblasti ste\\u010dajnog prava.<br \/>\\n\\tRadno iskustvo sticao je kao pripravnik u Privrednom sudu u Beogradu, a potom kao pripravnik u <i>MIHAJ LAW<\\\/i> kancelariji, gde sada radi kao advokat.<br \/>\\n\\tOblasti kojima je posve\\u0107en jesu kompanijsko pravo, trgovinsko pravo, ste\\u010dajno pravo, me\\u0111unarodno privredno pravo, krivi\\u010dno i procesno pravo.\\n\\n<\\\/p>\\n\\n\n\n<ul class=\\\"uk-subnav uk-subnav-divider uk-margin-medium-top\\\">\\n\n\n<li><a href=\\\"tel:+ 381 11 26 36 059\\\">+ 381 11 26 36 059<\\\/a><\\\/li>\\n\n\n<li><a href=\\\"tel:+ 381 63 896 2919\\\">+ 381 63 896 2919<\\\/a><\\\/li>\\n\\n\n\n<li><a \\n\n\n<li><a href=\\\"mailto:strahinja.maricic@mihajlaw.com\\\">strahinja.maricic@mihajlaw.com<\\\/a><\\\/li>\\n<\\\/ul>\",\"content_column_breakpoint\":\"m\",\"icon_width\":80,\"id\":\"speakers-johnathan-rogers\",\"image\":\"wp-content\\\/uploads\\\/2023\\\/02\\\/STRAHINJA-MARICIC_4254_1-R-KADAR-FIN.jpeg\",\"image_align\":\"left\",\"image_grid_breakpoint\":\"s\",\"image_grid_column_gap\":\"collapse\",\"image_grid_row_gap\":\"collapse\",\"image_grid_width\":\"1-2\",\"image_height\":\"800\",\"image_svg_color\":\"emphasis\",\"image_width\":\"609\",\"link\":\"strahinja-maricic\\\/\",\"link_style\":\"default\",\"link_text\":\"Pro\\u010ditaj vi\\u0161e\",\"margin\":\"default\",\"meta\":\"Advokat\",\"meta_align\":\"below-title\",\"meta_element\":\"div\",\"meta_margin\":\"small\",\"meta_style\":\"text-meta\",\"panel_image_no_padding\":true,\"panel_padding\":\"large\",\"panel_style\":\"card-default\",\"title\":\"STRAHINJA MARIC\\u030cIC\\u0301\",\"title_align\":\"top\",\"title_element\":\"h2\",\"title_grid_breakpoint\":\"m\",\"title_grid_width\":\"1-2\",\"title_hover_style\":\"reset\",\"title_style\":\"h1\"}}]}]},{\"name\":\"\",\"type\":\"row\",\"props\":{\"layout\":\"3-4,1-4\"},\"children\":[{\"name\":\"\",\"type\":\"column\",\"props\":{\"image_position\":\"center-center\",\"media_overlay_gradient\":\"\",\"position_sticky_breakpoint\":\"m\",\"width_medium\":\"3-4\"},\"children\":[{\"name\":\"\",\"type\":\"panel\",\"props\":{\"class\":\"\",\"content\":\"\n\n<p>Aleksandra je diplomirala na Pravnom fakultetu u Beogradu.  Iskustvo je sticala kao advokatski pripravnik u praksi Vladimira Mihaja, te sada u kancelariji <i>MIHAJ LAW<\\\/i> radi kao advokat. \\u010clan je Advokatske komore Beograda.<br \/>\\nOblasti njenog stru\\u010dnog rada u advokatskoj praksi jesu privredno pravo, upravno pravo, radno pravo, kao i statusna pitanja stranaca.<\\\/p>\\n\\n\n\n<ul class=\\\"uk-subnav uk-subnav-divider uk-margin-medium-top\\\">\\n\n\n<li><a href=\\\"tel:+ 381 11 26 36 059\\\">+ 381 11 26 36 059<\\\/a><\\\/li>\\n\\n    \n\n<li><a href=\\\"tel:+ 381 61 718 0412\\\">+ 381 61 718 0412<\\\/a><\\\/li>\\n    \\n\n\n<li><a \\n\n\n<li><a href=\\\"mailto:aleksandra.stefanovic@mihajlaw.com\\\">aleksandra.stefanovic@mihajlaw.com<\\\/a><\\\/li>\\n<\\\/ul>\",\"content_column_breakpoint\":\"m\",\"icon_width\":80,\"id\":\"speakers-amber-steward\",\"image\":\"wp-content\\\/uploads\\\/2023\\\/02\\\/ALEKSANDRA-STEFANOVIC_3525-new_1-R-KADAR-FIN.jpeg\",\"image_align\":\"left\",\"image_grid_breakpoint\":\"s\",\"image_grid_column_gap\":\"collapse\",\"image_grid_row_gap\":\"collapse\",\"image_grid_width\":\"1-2\",\"image_height\":\"800\",\"image_svg_color\":\"emphasis\",\"image_width\":\"609\",\"link\":\"aleksandra-stefanovic\\\/\",\"link_style\":\"default\",\"link_text\":\"Pro\\u010ditaj vi\\u0161e\",\"margin\":\"default\",\"meta\":\"Advokat \",\"meta_align\":\"below-title\",\"meta_element\":\"div\",\"meta_margin\":\"small\",\"meta_style\":\"text-meta\",\"panel_image_no_padding\":true,\"panel_padding\":\"large\",\"panel_style\":\"card-default\",\"title\":\"ALEKSANDRA STEFANOVI\\u0106\",\"title_align\":\"top\",\"title_element\":\"h2\",\"title_grid_breakpoint\":\"m\",\"title_grid_width\":\"1-2\",\"title_hover_style\":\"reset\",\"title_style\":\"h1\"}}]},{\"name\":\"\",\"type\":\"column\",\"props\":{\"image_position\":\"center-center\",\"media_overlay_gradient\":\"\",\"position_sticky_breakpoint\":\"m\",\"width_medium\":\"1-4\"}}]},{\"name\":\"\",\"type\":\"row\",\"props\":{\"layout\":\"1-4,3-4\"},\"children\":[{\"name\":\"\",\"type\":\"column\",\"props\":{\"image_position\":\"center-center\",\"media_overlay_gradient\":\"\",\"position_sticky_breakpoint\":\"m\",\"width_medium\":\"1-4\"}},{\"name\":\"\",\"type\":\"column\",\"props\":{\"image_position\":\"center-center\",\"media_overlay_gradient\":\"\",\"position_sticky_breakpoint\":\"m\",\"width_medium\":\"3-4\"},\"children\":[{\"name\":\"\",\"type\":\"panel\",\"props\":{\"class\":\"\",\"content\":\"\n\n<p>Aleksandra je zavr\\u0161ila Pravni fakultet Univerziteta u Beogradu. Iskustvo je sticala kao pripravnik kod advokata Milke Mihaj i Mihaele Turkan. <br \/>U kancelariji <i>MIHAJ LAW<\\\/i> radi kao advokat. \\nOblasti njenog rada jesu radno pravo, upravno pravo, kao i gra\\u0111ansko pravo, odnosno stvarno, obligaciono, porodi\\u010dno i nasledno pravo. Izuzetan je poznavalac sudske prakse.<\\\/p>\\n\\n\n\n<ul class=\\\"uk-subnav uk-subnav-divider uk-margin-medium-top\\\">\\n\n\n<li><a href=\\\"tel:+ 381 11 26 36 059\\\">+ 381 11 26 36 059<\\\/a><\\\/li>\\n\n\n<li><a href=\\\"tel:+ 381 63 19 91 806\\\">+ 381 63 19 91 806<\\\/a><\\\/li>\\n\n\n<li><a \\n\n\n<li><a href=\\\"mailto:aleksandra.velickovic@mihajlaw.com\\\">aleksandra.velickovic@mihajlaw.com<\\\/a><\\\/li>\\n<\\\/ul>\",\"content_column_breakpoint\":\"m\",\"icon_width\":80,\"id\":\"speakers-aaron-kennedy\",\"image\":\"wp-content\\\/uploads\\\/2023\\\/02\\\/ALEKSANDRA-VELICKOVIC_3707_1-R-KADAR-FIN.jpeg\",\"image_align\":\"left\",\"image_grid_breakpoint\":\"s\",\"image_grid_column_gap\":\"collapse\",\"image_grid_row_gap\":\"collapse\",\"image_grid_width\":\"1-2\",\"image_height\":\"800\",\"image_svg_color\":\"emphasis\",\"image_width\":\"609\",\"link\":\"aleksandra-velickovic\\\/\",\"link_style\":\"default\",\"link_text\":\"Pro\\u010ditaj vi\\u0161e\",\"margin\":\"default\",\"meta\":\"Advokat \",\"meta_align\":\"below-title\",\"meta_element\":\"div\",\"meta_margin\":\"small\",\"meta_style\":\"text-meta\",\"panel_image_no_padding\":true,\"panel_padding\":\"large\",\"panel_style\":\"card-default\",\"title\":\"ALEKSANDRA VELIC\\u030cKOVIC\\u0301\",\"title_align\":\"top\",\"title_element\":\"h2\",\"title_grid_breakpoint\":\"m\",\"title_grid_width\":\"1-2\",\"title_hover_style\":\"reset\",\"title_style\":\"h1\"}}]}]},{\"name\":\"\",\"type\":\"row\",\"props\":{\"layout\":\"3-4,1-4\"},\"children\":[{\"name\":\"\",\"type\":\"column\",\"props\":{\"image_position\":\"center-center\",\"media_overlay_gradient\":\"\",\"position_sticky_breakpoint\":\"m\",\"width_medium\":\"3-4\"},\"children\":[{\"name\":\"\",\"type\":\"panel\",\"props\":{\"class\":\"\",\"content\":\"\n\n<p>Ivana je zavr\\u0161ila Ekonomsku \\u0161kolu i vi\\u0161e od deset godina radi na mestu administrativnog saradnika u Advokatskoj kancelariji <i>MIHAJ LAW<\\\/i>. Poseduje izuzetno iskustvo i znanje u tom domenu posla. <\\\/p>\\n\n\n<ul class=\\\"uk-subnav uk-subnav-divider uk-margin-medium-top\\\">\\n\n\n<li><a href=\\\"tel:+ 381 13 83 0795\\\">+ 381 13 830 795<\\\/a><\\\/li>\\n\n\n<li><a href=\\\"tel:+ 381 62 350 620\\\">+ 381 62 350 620<\\\/a><\\\/li>\\n    \\n\n\n<li><a \\n\n\n<li><a href=\\\"mailto: ivana.vojteski@mihajlaw.com\\\">ivana.vojteski@mihajlaw.com<\\\/a><\\\/li>\\n<\\\/ul>\",\"content_column_breakpoint\":\"m\",\"icon_width\":80,\"id\":\"speakers-jenny-moore\",\"image\":\"wp-content\\\/uploads\\\/2023\\\/02\\\/Ivana-Vojteski_4427_1-R-KADAR-FIN.jpeg\",\"image_align\":\"left\",\"image_grid_breakpoint\":\"s\",\"image_grid_column_gap\":\"collapse\",\"image_grid_row_gap\":\"collapse\",\"image_grid_width\":\"1-2\",\"image_height\":\"800\",\"image_svg_color\":\"emphasis\",\"image_width\":\"609\",\"link\":\"ivana-vojteski\\\/\",\"link_style\":\"default\",\"link_text\":\"Pro\\u010ditaj vi\\u0161e\",\"margin\":\"default\",\"meta\":\"Administrativni saradnik\",\"meta_align\":\"below-title\",\"meta_element\":\"div\",\"meta_margin\":\"small\",\"meta_style\":\"text-meta\",\"panel_image_no_padding\":true,\"panel_padding\":\"large\",\"panel_style\":\"card-default\",\"title\":\"Ivana Vojte\\u0161ki\",\"title_align\":\"top\",\"title_element\":\"h2\",\"title_grid_breakpoint\":\"m\",\"title_grid_width\":\"1-2\",\"title_hover_style\":\"reset\",\"title_style\":\"h1\"}}]},{\"name\":\"\",\"type\":\"column\",\"props\":{\"image_position\":\"center-center\",\"media_overlay_gradient\":\"\",\"position_sticky_breakpoint\":\"m\",\"width_medium\":\"1-4\"}}]},{\"name\":\"\",\"type\":\"row\",\"props\":{\"layout\":\"1-4,3-4\"},\"children\":[{\"name\":\"\",\"type\":\"column\",\"props\":{\"image_position\":\"center-center\",\"media_overlay_gradient\":\"\",\"position_sticky_breakpoint\":\"m\",\"width_medium\":\"1-4\"}},{\"name\":\"\",\"type\":\"column\",\"props\":{\"image_position\":\"center-center\",\"media_overlay_gradient\":\"\",\"position_sticky_breakpoint\":\"m\",\"width_medium\":\"3-4\"},\"children\":[{\"name\":\"\",\"type\":\"panel\",\"props\":{\"class\":\"\",\"content\":\"\n\n<p>Aleksandra Radovi\\u0107-Marjanovi\\u0107 je business developer u Advokatskoj kancelariji <i>MIHAJ LAW<\\\/i>. Kao lingvista i stru\\u010dnjak za PR i komunikacije, omogu\\u0107ava svakodnevno\\nfunkcionisanje kancelarije na svim nivoima. <\\\/p>\\n\\n\n\n<ul class=\\\"uk-subnav uk-subnav-divider uk-margin-medium-top\\\">\\n\n\n<li><a href=\\\"tel:+ 381 11 26 36 059\\\">+ 381 11 26 36 059<\\\/a><\\\/li>\\n\n\n<li><a href=\\\"tel:+ 381 63 49 8724\\\">+ 381 63 49 8724<\\\/a><\\\/li>\\n\n\n<li><a \\n\n\n<li><a href=\\\"mailto:aleksandra.marjanovic@mihajlaw.com\\\">aleksandra.marjanovic@mihajlaw.com<\\\/a><\\\/li>\\n<\\\/ul>\",\"content_column_breakpoint\":\"m\",\"icon_width\":80,\"id\":\"speakers-amber-steward\",\"image\":\"wp-content\\\/uploads\\\/2023\\\/02\\\/ALEKSANDRA-RADOVIC-MARJANOVICDSC_3269_1-R-KADAR-FIN.jpeg\",\"image_align\":\"left\",\"image_grid_breakpoint\":\"s\",\"image_grid_column_gap\":\"collapse\",\"image_grid_row_gap\":\"collapse\",\"image_grid_width\":\"1-2\",\"image_height\":\"800\",\"image_svg_color\":\"emphasis\",\"image_width\":\"609\",\"link\":\"\\\/aleksandra-radovic-marijanovic\\\/\",\"link_style\":\"default\",\"link_text\":\"Pro\\u010ditaj vi\\u0161e\",\"margin\":\"default\",\"meta\":\"Chief of staff\",\"meta_align\":\"below-title\",\"meta_element\":\"div\",\"meta_margin\":\"small\",\"meta_style\":\"text-meta\",\"panel_image_no_padding\":true,\"panel_padding\":\"large\",\"panel_style\":\"card-default\",\"title\":\"ALEKSANDRA RADOVI\\u0106 -  MARJANOVI\\u0106\",\"title_align\":\"top\",\"title_element\":\"h2\",\"title_grid_breakpoint\":\"m\",\"title_grid_width\":\"1-2\",\"title_hover_style\":\"reset\",\"title_style\":\"h1\"}}]}]},{\"name\":\"\",\"type\":\"row\",\"props\":{\"layout\":\"3-4,1-4\"},\"children\":[{\"name\":\"\",\"type\":\"column\",\"props\":{\"image_position\":\"center-center\",\"media_overlay_gradient\":\"\",\"position_sticky_breakpoint\":\"m\",\"width_medium\":\"3-4\"},\"children\":[{\"name\":\"\",\"type\":\"panel\",\"props\":{\"class\":\"\",\"content\":\"\n\n<p>Ivana je apsolvent Odseka za italijanski jezik  Filolo\\u0161kog fakulteta Univerziteta u Beogradu. \\nOblast njenog rada jeste prevo\\u0111enje na italijanski jezik i sa njega.\\n\n\n<ul class=\\\"uk-subnav uk-subnav-divider uk-margin-medium-top\\\">\\n\n\n<li><a href=\\\"tel:+ + 381 11 2 636 059\\\">+ + 381 11 2 636 059<\\\/a><\\\/li>\\n\n\n<li><a href=\\\"tel:+ 381  60 451 61 82\\\">+ 381  60 451 61 82<\\\/a><\\\/li>\\n    \\n\n\n<li><a \\n\n\n<li><a href=\\\"mailto: ivana.djordjevic@mihajlaw.com\\\">ivana.djordjevic@mihajlaw.com<\\\/a><\\\/li>\\n<\\\/ul>\",\"content_column_breakpoint\":\"m\",\"icon_width\":80,\"id\":\"speakers-jenny-moore\",\"image\":\"wp-content\\\/uploads\\\/2023\\\/05\\\/Ivana-Dordevic-DSC_6172-R-low-res-e1684942041786.jpg\",\"image_align\":\"left\",\"image_grid_breakpoint\":\"s\",\"image_grid_column_gap\":\"collapse\",\"image_grid_row_gap\":\"collapse\",\"image_grid_width\":\"1-2\",\"image_height\":\"800\",\"image_svg_color\":\"emphasis\",\"image_width\":\"609\",\"link\":\"ivana-djordjevic\\\/\",\"link_style\":\"default\",\"link_text\":\"Pro\\u010ditaj vi\\u0161e\",\"margin\":\"default\",\"meta\":\"Office manager\",\"meta_align\":\"below-title\",\"meta_element\":\"div\",\"meta_margin\":\"small\",\"meta_style\":\"text-meta\",\"panel_image_no_padding\":true,\"panel_padding\":\"large\",\"panel_style\":\"card-default\",\"title\":\"IVANA \\u0110OR\\u0110EVI\\u0106 \",\"title_align\":\"top\",\"title_element\":\"h2\",\"title_grid_breakpoint\":\"m\",\"title_grid_width\":\"1-2\",\"title_hover_style\":\"reset\",\"title_style\":\"h1\"}}]},{\"name\":\"\",\"type\":\"column\",\"props\":{\"image_position\":\"center-center\",\"media_overlay_gradient\":\"\",\"position_sticky_breakpoint\":\"m\",\"width_medium\":\"1-4\"}}]}]},{\"type\":\"section\",\"props\":{\"image_position\":\"center-center\",\"style\":\"default\",\"title_breakpoint\":\"xl\",\"title_position\":\"top-left\",\"title_rotation\":\"left\",\"vertical_align\":\"middle\",\"width\":\"default\"},\"children\":[{\"type\":\"row\",\"children\":[{\"type\":\"column\",\"props\":{\"image_position\":\"center-center\",\"media_overlay_gradient\":\"\",\"position_sticky_breakpoint\":\"m\"},\"children\":[]}]}]},{\"name\":\"Speakers\",\"type\":\"section\",\"props\":{\"animation\":\"slide-bottom\",\"animation_delay\":\"200\",\"header_transparent\":\"dark\",\"image\":\"\",\"image_effect\":\"parallax\",\"image_loading\":true,\"image_parallax_bgy\":\"0,500\",\"image_parallax_breakpoint\":\"m\",\"image_parallax_easing\":\"1\",\"image_position\":\"top-left\",\"image_size\":\"contain\",\"media_visibility\":\"m\",\"padding\":\"none\",\"padding_remove_bottom\":true,\"padding_remove_top\":true,\"style\":\"default\",\"title_breakpoint\":\"xl\",\"title_position\":\"top-left\",\"title_rotation\":\"left\",\"vertical_align\":\"middle\",\"width\":\"default\"},\"children\":[{\"name\":\"\",\"type\":\"row\",\"props\":{\"margin\":\"xlarge\"},\"children\":[{\"name\":\"\",\"type\":\"column\",\"props\":{\"image_position\":\"center-center\",\"media_overlay_gradient\":\"\",\"position_sticky_breakpoint\":\"m\",\"width_medium\":\"1-1\"},\"children\":[{\"name\":\"\",\"type\":\"divider\",\"props\":{\"divider_element\":\"hr\",\"divider_style\":\"small\"}},{\"name\":\"\",\"type\":\"headline\",\"props\":{\"content\":\"SPOLJNI SARADNICI\",\"title_element\":\"h1\",\"title_style\":\"heading-small\"}}]}]},{\"name\":\"\",\"type\":\"row\",\"props\":{\"layout\":\"3-4,1-4\"},\"children\":[{\"name\":\"\",\"type\":\"column\",\"props\":{\"image_position\":\"center-center\",\"media_overlay_gradient\":\"\",\"position_sticky_breakpoint\":\"m\",\"width_medium\":\"3-4\"},\"children\":[{\"name\":\"\",\"type\":\"panel\",\"props\":{\"class\":\"\",\"content\":\"\n\n<p>Tamara je iskustvo sticala, najpre, volonterskim radom u nevladinim organizacijama za za\\u0161titu \\u017eivotne sredine, a zatim kao pripravnik u advokatskoj kancelariji <i>MIHAJ LAW<\\\/i>, gde sada radi kao advokat \\u2013 spoljni saradnik. Potpredsednica je HR Foruma Confindustria Serbia od 2019. godine.\\n <\\\/p>\\n\n\n<ul class=\\\"uk-subnav uk-subnav-divider uk-margin-medium-top\\\">\\n    \\n\n\n<li><a href=\\\"tel:+ 381 63 749 43 23\\n\\\">+ 381 63 749 43 23\\n<\\\/a><\\\/li>\\n\\n\n\n<li><a \\n\n\n<li><a href=\\\"mailto: adv.tamarasiljic@gmail.com\\\">adv.tamarasiljic@gmail.com<\\\/a><\\\/li>\\n<\\\/ul>\\n\\n\",\"content_column_breakpoint\":\"m\",\"icon_width\":80,\"id\":\"speakers-jenny-moore\",\"image\":\"wp-content\\\/uploads\\\/2023\\\/02\\\/Tamara-Siljic-3912_1-R-KADAR-FIN.jpeg\",\"image_align\":\"left\",\"image_grid_breakpoint\":\"s\",\"image_grid_column_gap\":\"collapse\",\"image_grid_row_gap\":\"collapse\",\"image_grid_width\":\"1-2\",\"image_height\":\"800\",\"image_svg_color\":\"emphasis\",\"image_width\":\"609\",\"link\":\"\\\/tamara-siljic\\\/\",\"link_style\":\"default\",\"link_text\":\"Pro\\u010ditaj vi\\u0161e\",\"margin\":\"default\",\"meta\":\"ADVOKAT - SPOLJNI SARADNIK\",\"meta_align\":\"below-title\",\"meta_element\":\"div\",\"meta_margin\":\"small\",\"meta_style\":\"text-meta\",\"panel_image_no_padding\":true,\"panel_padding\":\"large\",\"panel_style\":\"card-default\",\"title\":\"Tamara \\u0160ilji\\u0107\",\"title_align\":\"top\",\"title_element\":\"h2\",\"title_grid_breakpoint\":\"m\",\"title_grid_width\":\"1-2\",\"title_hover_style\":\"reset\",\"title_style\":\"h1\"}}]},{\"name\":\"\",\"type\":\"column\",\"props\":{\"image_position\":\"center-center\",\"media_overlay_gradient\":\"\",\"position_sticky_breakpoint\":\"m\",\"width_medium\":\"1-4\"}}]},{\"name\":\"\",\"type\":\"row\",\"props\":{\"layout\":\"1-4,3-4\"},\"children\":[{\"name\":\"\",\"type\":\"column\",\"props\":{\"image_position\":\"center-center\",\"media_overlay_gradient\":\"\",\"position_sticky_breakpoint\":\"m\",\"width_medium\":\"1-4\"}},{\"name\":\"\",\"type\":\"column\",\"props\":{\"image_position\":\"center-center\",\"media_overlay_gradient\":\"\",\"position_sticky_breakpoint\":\"m\",\"width_medium\":\"3-4\"},\"children\":[{\"name\":\"\",\"type\":\"panel\",\"props\":{\"class\":\"\",\"content\":\"\n\n<p>Vi\\u0161e od 20 godina radnog iskustva iz oblasti bankarstva, finansija, ra\\u010dunovodstva, poreskog i poslovnog savetovanja u kompanijama poput Deloitte, Raiffeisen bank, Hypo Group-Alpe-Adria leasing, Credit Agricole bank, AIK banka i dr. \\u010clan je Srpskog fiskalnog dru\\u0161tva (SFD) i International Fiscal Association (IFA). Direktor je Privrednog dru\\u0161tva Smart Tax Solutions d.o.o. Beograd.<\\\/p>\\n\n\n<ul class=\\\"uk-subnav uk-subnav-divider uk-margin-medium-top\\\">\\n    \\n       \n\n<li><a href=\\\"tel:+ 381  64 1976 470\\\">+ 381 64 1976 470<\\\/a><\\\/li>\\n\n\n<li><a \\n       \\n\n\n<li><a \\n\n\n<li><a href=\\\"mailto: dragan.bosankic@smarttaxsolutions.rs\\\">dragan.bosankic@smarttaxsolutions.rs<\\\/a><\\\/li>\\n<\\\/ul>\\n\\n\n\n<li><a href=\\\"www.smarttaxsolutions.rs\\\">www.smarttaxsolutions.rs<\\\/a><\\\/li>\\n<\\\/ul>\",\"content_column_breakpoint\":\"m\",\"icon_width\":80,\"id\":\"speakers-jenny-moore\",\"image\":\"wp-content\\\/uploads\\\/2023\\\/02\\\/DRAGAN-BOSANKIC_4350_1-R-KADAR-FIN.jpeg\",\"image_align\":\"left\",\"image_grid_breakpoint\":\"s\",\"image_grid_column_gap\":\"collapse\",\"image_grid_row_gap\":\"collapse\",\"image_grid_width\":\"1-2\",\"image_height\":\"800\",\"image_svg_color\":\"emphasis\",\"image_width\":\"609\",\"link\":\"dragan-bosankic\\\/\",\"link_style\":\"default\",\"link_text\":\"Pro\\u010ditaj vi\\u0161e\",\"margin\":\"default\",\"meta\":\"Spoljni saradnik za poresko savetovanje i ra\\u010dunovodstvo\",\"meta_align\":\"below-title\",\"meta_element\":\"div\",\"meta_margin\":\"small\",\"meta_style\":\"text-meta\",\"panel_image_no_padding\":true,\"panel_padding\":\"large\",\"panel_style\":\"card-default\",\"title\":\"DRAGAN BOSANKIC\\u0301\",\"title_align\":\"top\",\"title_element\":\"h2\",\"title_grid_breakpoint\":\"m\",\"title_grid_width\":\"1-2\",\"title_hover_style\":\"reset\",\"title_style\":\"h1\"}}]}]},{\"name\":\"\",\"type\":\"row\",\"props\":{\"layout\":\"3-4,1-4\"},\"children\":[{\"name\":\"\",\"type\":\"column\",\"props\":{\"image_position\":\"center-center\",\"media_overlay_gradient\":\"\",\"position_sticky_breakpoint\":\"m\",\"width_medium\":\"3-4\"},\"children\":[{\"name\":\"\",\"type\":\"panel\",\"props\":{\"class\":\"\",\"content\":\"\n\n<p>Violeta Milosavljevi\\u0107 je sudski prevodilac za italijanski jezik. Oblasti koje su u sferi njenog rada jesu pravo, ekonomija i medicina. <\\\/p>\\n\\n\n\n<ul class=\\\"uk-subnav uk-subnav-divider uk-margin-medium-top\\\">\\n\n\n<li><a href=\\\"tel:+ 381 60 42 47 441\\\">+ 381 60 42 47 441<\\\/a><\\\/li>\\n    \\n\n\n<li><a \\n\n\n<li><a href=\\\"mailto:violamilosavljevic@yahoo.it\\\">violamilosavljevic@yahoo.it<\\\/a><\\\/li>\\n<\\\/ul>\\n\\n\",\"content_column_breakpoint\":\"m\",\"icon_width\":80,\"id\":\"speakers-jenny-moore\",\"image\":\"wp-content\\\/uploads\\\/2023\\\/02\\\/Violeta-Milosavljevic-_3357_1-R-KADAR-FIN.jpeg\",\"image_align\":\"left\",\"image_grid_breakpoint\":\"s\",\"image_grid_column_gap\":\"collapse\",\"image_grid_row_gap\":\"collapse\",\"image_grid_width\":\"1-2\",\"image_height\":\"800\",\"image_svg_color\":\"emphasis\",\"image_width\":\"609\",\"link\":\"violeta-milosavljevic\\\/\",\"link_style\":\"default\",\"link_text\":\"Pro\\u010ditaj vi\\u0161e\",\"margin\":\"default\",\"meta\":\" Sudski prevodilac za italijanski jezik - SPOLJNI SARADNIK \",\"meta_align\":\"below-title\",\"meta_element\":\"div\",\"meta_margin\":\"small\",\"meta_style\":\"text-meta\",\"panel_image_no_padding\":true,\"panel_padding\":\"large\",\"panel_style\":\"card-default\",\"title\":\"VIOLETA MILOSAVLJEVI\\u0106\",\"title_align\":\"top\",\"title_element\":\"h2\",\"title_grid_breakpoint\":\"m\",\"title_grid_width\":\"1-2\",\"title_hover_style\":\"reset\",\"title_style\":\"h1\"}}]},{\"name\":\"\",\"type\":\"column\",\"props\":{\"image_position\":\"center-center\",\"media_overlay_gradient\":\"\",\"position_sticky_breakpoint\":\"m\",\"width_medium\":\"1-4\"}}]}]},{\"type\":\"section\",\"props\":{\"image_position\":\"center-center\",\"style\":\"default\",\"title_breakpoint\":\"xl\",\"title_position\":\"top-left\",\"title_rotation\":\"left\",\"vertical_align\":\"middle\",\"width\":\"default\"},\"children\":[{\"type\":\"row\",\"children\":[{\"type\":\"column\",\"props\":{\"image_position\":\"center-center\",\"media_overlay_gradient\":\"\",\"position_sticky_breakpoint\":\"m\"},\"children\":[{\"type\":\"divider\",\"props\":{\"divider_element\":\"hr\"}}]}]}]},{\"name\":\"kontaktirajte nas 1111\",\"type\":\"section\",\"props\":{\"image_position\":\"center-center\",\"image_size\":\"cover\",\"padding\":\"none\",\"preserve_color\":true,\"style\":\"secondary\",\"title_breakpoint\":\"xl\",\"title_position\":\"top-left\",\"title_rotation\":\"left\",\"vertical_align\":\"middle\",\"width\":\"\"},\"children\":[{\"name\":\"\",\"type\":\"row\",\"props\":{\"column_gap\":\"collapse\",\"layout\":\"1-2,1-2\",\"match\":false,\"row_gap\":\"collapse\",\"vertical_align\":false},\"children\":[{\"name\":\"\",\"type\":\"column\",\"props\":{\"image_position\":\"center-center\",\"media_overlay_gradient\":\"\",\"position_sticky_breakpoint\":\"m\",\"style\":\"primary\",\"width_medium\":\"1-2\"},\"children\":[{\"name\":\"\",\"type\":\"panel\",\"props\":{\"content\":\"\n\n<p>KANCELARIJA BEOGRAD <br \/>\\nKneza Mihaila 34\\\/2<\\\/p>\",\"content_column_breakpoint\":\"m\",\"icon_width\":80,\"image_align\":\"top\",\"image_grid_breakpoint\":\"m\",\"image_grid_width\":\"1-2\",\"image_svg_color\":\"emphasis\",\"link\":\"\\\/kontakt\\\/\",\"link_style\":\"text\",\"link_text\":\"Posetite nas\",\"margin\":\"default\",\"meta_align\":\"below-title\",\"meta_element\":\"div\",\"meta_style\":\"text-meta\",\"panel_card_size\":\"small\",\"text_align\":\"center\",\"title\":\"Kontaktirajte nas \",\"title_align\":\"top\",\"title_element\":\"h3\",\"title_grid_breakpoint\":\"m\",\"title_grid_width\":\"1-2\",\"title_hover_style\":\"reset\",\"title_style\":\"heading-small\"}}]},{\"name\":\"\",\"type\":\"column\",\"props\":{\"image_position\":\"center-center\",\"media_overlay_gradient\":\"\",\"position_sticky_breakpoint\":\"m\",\"style\":\"secondary\",\"width_medium\":\"1-2\"},\"children\":[{\"name\":\"\",\"type\":\"panel\",\"props\":{\"content\":\"\n\n<p>Zastupanje, savetovanje i pravno delovanje<\\\/p>\",\"content_column_breakpoint\":\"m\",\"icon_width\":80,\"image_align\":\"top\",\"image_grid_breakpoint\":\"m\",\"image_grid_width\":\"1-2\",\"image_svg_color\":\"emphasis\",\"link\":\"\\\/oblasti-rada\\\/\",\"link_style\":\"text\",\"link_text\":\"Spektar pravnih usluga\",\"margin\":\"default\",\"meta_align\":\"below-title\",\"meta_element\":\"div\",\"meta_style\":\"text-meta\",\"panel_card_size\":\"large\",\"text_align\":\"center\",\"title\":\"OBLADSTI <br \/>RADA\",\"title_align\":\"top\",\"title_element\":\"h3\",\"title_grid_breakpoint\":\"m\",\"title_grid_width\":\"1-2\",\"title_hover_style\":\"reset\",\"title_style\":\"heading-small\"}}]}]}]},{\"name\":\"TTTTTIM\",\"type\":\"section\",\"props\":{\"animation\":\"slide-top-small\",\"image\":\"wp-content\\\/uploads\\\/2023\\\/02\\\/mihaj-law-5x-scaled.jpg\",\"image_position\":\"center-center\",\"image_size\":\"cover\",\"media_overlay\":\"rgba(251, 249, 249, 0.73)\",\"padding\":\"large\",\"style\":\"default\",\"title_breakpoint\":\"xl\",\"title_position\":\"top-left\",\"title_rotation\":\"left\",\"vertical_align\":\"middle\",\"width\":\"small\"},\"children\":[{\"name\":\"\",\"type\":\"row\",\"children\":[{\"name\":\"\",\"type\":\"column\",\"props\":{\"image_position\":\"center-center\",\"media_overlay_gradient\":\"\",\"position_sticky_breakpoint\":\"m\",\"width_medium\":\"1-1\"},\"children\":[{\"name\":\"\",\"type\":\"headline\",\"props\":{\"content\":\"Pridru\\u017eite se <i>MIHAJ LAW <\\\/i> timu\",\"text_align\":\"center\",\"title_element\":\"h3\",\"title_style\":\"heading-small\"}},{\"name\":\"\",\"type\":\"text\",\"props\":{\"column_breakpoint\":\"m\",\"content\":\"\\u017delite da radite sa kreativnim timom - onda smo mi savr\\u0161eni za vas.\",\"margin\":\"default\",\"text_align\":\"center\",\"text_color\":\"muted\",\"text_style\":\"lead\"}},{\"name\":\"\",\"type\":\"button\",\"props\":{\"animation\":\"slide-bottom-small\",\"grid_column_gap\":\"small\",\"grid_row_gap\":\"small\",\"inline_align\":\"center\",\"margin\":\"\",\"text_align\":\"center\"},\"children\":[{\"name\":\"\",\"type\":\"button_item\",\"props\":{\"button_style\":\"text\",\"content\":\"Pozicije\",\"icon\":\"arrow-right\",\"icon_align\":\"left\",\"link\":\"\\\/posao\\\/\",\"link_title\":\"Find a job\"}}]}]}]}]}],\"version\":\"3.0.23\"} --><\/p>","protected":false},"excerpt":{"rendered":"<p>NA\u0160 TIM AMBICIOZNI I PERSPEKTIVNI MLADI ADVOKATII SARADNICI, KOJI POSEDUJU IZVANREDNU STRU\u010cNOST, ISKUSTVO I ISTRAJNOST U ZASTUPANJU KLIJENTATA. SVAKI PREDMET JE JEDINSTVEN. Oblasti Advokati i saradnici MIHAJ LAW kancelarije, sticali su akademsko obrazovanje u Republici Srbiji, ali i van njenih granica (Italija, \u0160vajcarska). Na\u0161e radno iskustvo sa doma\u0107im i me\u0111unarodnim kompanijama, kao i sa pojedincima, [&hellip;]<\/p>","protected":false},"author":1,"featured_media":0,"parent":0,"menu_order":0,"comment_status":"closed","ping_status":"closed","template":"","meta":[],"yoast_head":"<!-- This site is optimized with the Yoast SEO plugin v20.3 - https:\/\/yoast.com\/wordpress\/plugins\/seo\/ -->\n<title>TIM | Mihaj Law<\/title>\n<meta name=\"robots\" content=\"index, follow, max-snippet:-1, max-image-preview:large, max-video-preview:-1\" \/>\n<link rel=\"canonical\" href=\"https:\/\/mihajlaw.com\/it\/tim\/\" \/>\n<meta property=\"og:locale\" content=\"it_IT\" \/>\n<meta property=\"og:type\" content=\"article\" \/>\n<meta property=\"og:title\" content=\"TIM | Mihaj Law\" \/>\n<meta property=\"og:description\" content=\"NA\u0160 TIM AMBICIOZNI I PERSPEKTIVNI MLADI ADVOKATII SARADNICI, KOJI POSEDUJU IZVANREDNU STRU\u010cNOST, ISKUSTVO I ISTRAJNOST U ZASTUPANJU KLIJENTATA. SVAKI PREDMET JE JEDINSTVEN. Oblasti Advokati i saradnici MIHAJ LAW kancelarije, sticali su akademsko obrazovanje u Republici Srbiji, ali i van njenih granica (Italija, \u0160vajcarska). Na\u0161e radno iskustvo sa doma\u0107im i me\u0111unarodnim kompanijama, kao i sa pojedincima, [&hellip;]\" \/>\n<meta property=\"og:url\" content=\"https:\/\/mihajlaw.com\/it\/tim\/\" \/>\n<meta property=\"og:site_name\" content=\"Mihaj Law\" \/>\n<meta property=\"article:modified_time\" content=\"2023-05-24T15:28:16+00:00\" \/>\n<meta property=\"og:image\" content=\"https:\/\/mihajlaw.com\/wp-content\/uploads\/2023\/03\/mijhaj-law-logo-e1678916398425.jpg\" \/>\n\t<meta property=\"og:image:width\" content=\"1373\" \/>\n\t<meta property=\"og:image:height\" content=\"641\" \/>\n\t<meta property=\"og:image:type\" content=\"image\/jpeg\" \/>\n<meta name=\"twitter:card\" content=\"summary_large_image\" \/>\n<meta name=\"twitter:label1\" content=\"Tempo di lettura stimato\" \/>\n\t<meta name=\"twitter:data1\" content=\"10 minuti\" \/>\n<script type=\"application\/ld+json\" class=\"yoast-schema-graph\">{\"@context\":\"https:\/\/schema.org\",\"@graph\":[{\"@type\":\"WebPage\",\"@id\":\"https:\/\/mihajlaw.com\/tim\/\",\"url\":\"https:\/\/mihajlaw.com\/tim\/\",\"name\":\"TIM | Mihaj Law\",\"isPartOf\":{\"@id\":\"https:\/\/mihajlaw.com\/#website\"},\"datePublished\":\"2022-12-19T08:14:07+00:00\",\"dateModified\":\"2023-05-24T15:28:16+00:00\",\"breadcrumb\":{\"@id\":\"https:\/\/mihajlaw.com\/tim\/#breadcrumb\"},\"inLanguage\":\"it-IT\",\"potentialAction\":[{\"@type\":\"ReadAction\",\"target\":[\"https:\/\/mihajlaw.com\/tim\/\"]}]},{\"@type\":\"BreadcrumbList\",\"@id\":\"https:\/\/mihajlaw.com\/tim\/#breadcrumb\",\"itemListElement\":[{\"@type\":\"ListItem\",\"position\":1,\"name\":\"Home\",\"item\":\"https:\/\/mihajlaw.com\/\"},{\"@type\":\"ListItem\",\"position\":2,\"name\":\"TIM\"}]},{\"@type\":\"WebSite\",\"@id\":\"https:\/\/mihajlaw.com\/#website\",\"url\":\"https:\/\/mihajlaw.com\/\",\"name\":\"Mihaj Law\",\"description\":\"ADVOKATURA PO MERI KLIJENTA\",\"publisher\":{\"@id\":\"https:\/\/mihajlaw.com\/#organization\"},\"potentialAction\":[{\"@type\":\"SearchAction\",\"target\":{\"@type\":\"EntryPoint\",\"urlTemplate\":\"https:\/\/mihajlaw.com\/?s={search_term_string}\"},\"query-input\":\"required name=search_term_string\"}],\"inLanguage\":\"it-IT\"},{\"@type\":\"Organization\",\"@id\":\"https:\/\/mihajlaw.com\/#organization\",\"name\":\"MIHAJ LAW\",\"url\":\"https:\/\/mihajlaw.com\/\",\"logo\":{\"@type\":\"ImageObject\",\"inLanguage\":\"it-IT\",\"@id\":\"https:\/\/mihajlaw.com\/#\/schema\/logo\/image\/\",\"url\":\"https:\/\/mihajlaw.com\/wp-content\/uploads\/2023\/03\/mijhaj-law-logo-e1678916398425.jpg\",\"contentUrl\":\"https:\/\/mihajlaw.com\/wp-content\/uploads\/2023\/03\/mijhaj-law-logo-e1678916398425.jpg\",\"width\":1373,\"height\":641,\"caption\":\"MIHAJ LAW\"},\"image\":{\"@id\":\"https:\/\/mihajlaw.com\/#\/schema\/logo\/image\/\"}}]}<\/script>\n<!-- \/ Yoast SEO plugin. -->","yoast_head_json":{"title":"TIM | Mihaj Law","robots":{"index":"index","follow":"follow","max-snippet":"max-snippet:-1","max-image-preview":"max-image-preview:large","max-video-preview":"max-video-preview:-1"},"canonical":"https:\/\/mihajlaw.com\/it\/tim\/","og_locale":"it_IT","og_type":"article","og_title":"TIM | Mihaj Law","og_description":"NA\u0160 TIM AMBICIOZNI I PERSPEKTIVNI MLADI ADVOKATII SARADNICI, KOJI POSEDUJU IZVANREDNU STRU\u010cNOST, ISKUSTVO I ISTRAJNOST U ZASTUPANJU KLIJENTATA. SVAKI PREDMET JE JEDINSTVEN. Oblasti Advokati i saradnici MIHAJ LAW kancelarije, sticali su akademsko obrazovanje u Republici Srbiji, ali i van njenih granica (Italija, \u0160vajcarska). Na\u0161e radno iskustvo sa doma\u0107im i me\u0111unarodnim kompanijama, kao i sa pojedincima, [&hellip;]","og_url":"https:\/\/mihajlaw.com\/it\/tim\/","og_site_name":"Mihaj Law","article_modified_time":"2023-05-24T15:28:16+00:00","og_image":[{"width":1373,"height":641,"url":"https:\/\/mihajlaw.com\/wp-content\/uploads\/2023\/03\/mijhaj-law-logo-e1678916398425.jpg","type":"image\/jpeg"}],"twitter_card":"summary_large_image","twitter_misc":{"Tempo di lettura stimato":"10 minuti"},"schema":{"@context":"https:\/\/schema.org","@graph":[{"@type":"WebPage","@id":"https:\/\/mihajlaw.com\/tim\/","url":"https:\/\/mihajlaw.com\/tim\/","name":"TIM | Mihaj Law","isPartOf":{"@id":"https:\/\/mihajlaw.com\/#website"},"datePublished":"2022-12-19T08:14:07+00:00","dateModified":"2023-05-24T15:28:16+00:00","breadcrumb":{"@id":"https:\/\/mihajlaw.com\/tim\/#breadcrumb"},"inLanguage":"it-IT","potentialAction":[{"@type":"ReadAction","target":["https:\/\/mihajlaw.com\/tim\/"]}]},{"@type":"BreadcrumbList","@id":"https:\/\/mihajlaw.com\/tim\/#breadcrumb","itemListElement":[{"@type":"ListItem","position":1,"name":"Home","item":"https:\/\/mihajlaw.com\/"},{"@type":"ListItem","position":2,"name":"TIM"}]},{"@type":"WebSite","@id":"https:\/\/mihajlaw.com\/#website","url":"https:\/\/mihajlaw.com\/","name":"Mihaj Law","description":"ADVOKATURA PO MERI KLIJENTA","publisher":{"@id":"https:\/\/mihajlaw.com\/#organization"},"potentialAction":[{"@type":"SearchAction","target":{"@type":"EntryPoint","urlTemplate":"https:\/\/mihajlaw.com\/?s={search_term_string}"},"query-input":"required name=search_term_string"}],"inLanguage":"it-IT"},{"@type":"Organization","@id":"https:\/\/mihajlaw.com\/#organization","name":"MIHAJ LAW.","url":"https:\/\/mihajlaw.com\/","logo":{"@type":"ImageObject","inLanguage":"it-IT","@id":"https:\/\/mihajlaw.com\/#\/schema\/logo\/image\/","url":"https:\/\/mihajlaw.com\/wp-content\/uploads\/2023\/03\/mijhaj-law-logo-e1678916398425.jpg","contentUrl":"https:\/\/mihajlaw.com\/wp-content\/uploads\/2023\/03\/mijhaj-law-logo-e1678916398425.jpg","width":1373,"height":641,"caption":"MIHAJ LAW"},"image":{"@id":"https:\/\/mihajlaw.com\/#\/schema\/logo\/image\/"}}]}},"_links":{"self":[{"href":"https:\/\/mihajlaw.com\/it\/wp-json\/wp\/v2\/pages\/631"}],"collection":[{"href":"https:\/\/mihajlaw.com\/it\/wp-json\/wp\/v2\/pages"}],"about":[{"href":"https:\/\/mihajlaw.com\/it\/wp-json\/wp\/v2\/types\/page"}],"author":[{"embeddable":true,"href":"https:\/\/mihajlaw.com\/it\/wp-json\/wp\/v2\/users\/1"}],"replies":[{"embeddable":true,"href":"https:\/\/mihajlaw.com\/it\/wp-json\/wp\/v2\/comments?post=631"}],"version-history":[{"count":593,"href":"https:\/\/mihajlaw.com\/it\/wp-json\/wp\/v2\/pages\/631\/revisions"}],"predecessor-version":[{"id":6095,"href":"https:\/\/mihajlaw.com\/it\/wp-json\/wp\/v2\/pages\/631\/revisions\/6095"}],"wp:attachment":[{"href":"https:\/\/mihajlaw.com\/it\/wp-json\/wp\/v2\/media?parent=631"}],"curies":[{"name":"wp","href":"https:\/\/api.w.org\/{rel}","templated":true}]}}